{"id":1995,"date":"2024-01-09T11:01:16","date_gmt":"2024-01-09T14:01:16","guid":{"rendered":"https:\/\/fernandamarques.com.br\/?page_id=1995"},"modified":"2024-02-29T10:31:13","modified_gmt":"2024-02-29T13:31:13","slug":"products","status":"publish","type":"page","link":"https:\/\/fernandamarques.com.br\/en\/products\/","title":{"rendered":"Products"},"content":{"rendered":"<section class=\"l-section wpb_row height_medium\"><div class=\"l-section-h i-cf\"><div class=\"g-cols vc_row via_grid cols_1 laptops-cols_inherit tablets-cols_inherit mobiles-cols_1 valign_top type_default stacking_default\"><div class=\"wpb_column vc_column_container\"><div class=\"vc_column-inner\"><h2 class=\"w-post-elm post_title entry-title color_link_inherit\">Products<\/h2><div class=\"wpb_text_column\"><div class=\"wpb_wrapper\"><p>Solutions that combine functionality, aesthetics and exclusivity.<\/p>\n<\/div><\/div><div class=\"w-separator size_small\"><\/div><nav class=\"w-menu ajusta-menu-categoria layout_hor style_links us_menu_1\" style=\"--main-gap:1.5rem;--main-ver-indent:0.8em;--main-hor-indent:0.8em;--main-color:inherit;\"><ul id=\"menu-en-menu-categorias-de-projetos\" class=\"menu\"><li id=\"menu-item-4657\" class=\"menu-item menu-item-type-post_type menu-item-object-page menu-item-4657\"><a href=\"https:\/\/fernandamarques.com.br\/en\/projects\/\">All<\/a><\/li><li id=\"menu-item-3688\" class=\"menu-item menu-item-type-post_type menu-item-object-page menu-item-3688\"><a href=\"https:\/\/fernandamarques.com.br\/en\/residential\/\">Residential<\/a><\/li><li id=\"menu-item-3689\" class=\"menu-item menu-item-type-post_type menu-item-object-page menu-item-3689\"><a href=\"https:\/\/fernandamarques.com.br\/en\/enterprises\/\">Enterprises<\/a><\/li><li id=\"menu-item-4561\" class=\"menu-item menu-item-type-post_type menu-item-object-page menu-item-4561\"><a href=\"https:\/\/fernandamarques.com.br\/en\/condominiums\/\">Condominiums<\/a><\/li><li id=\"menu-item-3690\" class=\"menu-item menu-item-type-post_type menu-item-object-page menu-item-3690\"><a href=\"https:\/\/fernandamarques.com.br\/en\/corporates\/\">Corporates<\/a><\/li><li id=\"menu-item-3691\" class=\"menu-item menu-item-type-post_type menu-item-object-page menu-item-3691\"><a href=\"https:\/\/fernandamarques.com.br\/en\/commercials\/\">Commercials<\/a><\/li><li id=\"menu-item-3692\" class=\"menu-item menu-item-type-post_type menu-item-object-page menu-item-3692\"><a href=\"https:\/\/fernandamarques.com.br\/en\/products\/\">Products<\/a><\/li><li id=\"menu-item-3693\" class=\"menu-item menu-item-type-post_type menu-item-object-page menu-item-3693\"><a href=\"https:\/\/fernandamarques.com.br\/en\/showcase\/\">Showcase<\/a><\/li><\/ul><style>@media ( max-width:600px ){.us_menu_1 .menu{display:block!important}.us_menu_1 .menu>li:not(:last-child){margin:0 0 var(--main-gap,1.5rem)!important}}<\/style><\/nav><div class=\"w-separator size_medium\"><\/div><div class=\"w-grid us_grid type_masonry layout_862 cols_3 pagination_ajax preload_style_spinner with_isotope\" id=\"us_grid_1\" style=\"--columns:3;--gap:0.7rem;\" data-filterable=\"true\"><style>@media (max-width:1024px){#us_grid_1{--columns:2!important}}@media (max-width:600px){#us_grid_1{--columns:1!important}}.layout_862 .w-grid-item-h{}.layout_862 .usg_vwrapper_1{transition-duration:0.3s;transform-origin:50% 50%;transform:scale(1) translate(0%,0%)}.layout_862 .w-grid-item-h:focus-within .usg_vwrapper_1,.layout_862 .w-grid-item-h:hover .usg_vwrapper_1{transform:scale(1) translate(0%,-1%);opacity:1}.layout_862 .usg_post_image_1{margin-bottom:0.5rem!important}.layout_862 .usg_post_title_1{font-size:1.2rem!important;line-height:1.2!important;font-weight:700!important}.layout_862 .usg_text_1{font-size:1.5rem!important;line-height:1!important}<\/style><div class=\"w-grid-list\">\t<article class=\"w-grid-item size_1x1 post-6954 projeto type-projeto status-publish has-post-thumbnail hentry categoria-de-projeto-products\" data-id=\"6954\">\r\n\t\t<div class=\"w-grid-item-h\">\r\n\t\t\t\t\t\t\t<a href=\"https:\/\/fernandamarques.com.br\/en\/project\/maxx-stool\/\" class=\"w-grid-item-anchor\" aria-label=\"Maxx Stool for Breton\"><\/a>\r\n\t\t\t\t\t\t<div class=\"w-vwrapper usg_vwrapper_1 align_none valign_top\" style=\"--vwrapper-gap:0.7rem\"><div class=\"w-post-elm post_image usg_post_image_1 stretched\"><img fetchpriority=\"high\" decoding=\"async\" width=\"683\" height=\"1024\" src=\"https:\/\/fernandamarques.com.br\/wp-content\/uploads\/2024\/04\/linha-maxx-breton-table-1-683x1024.jpg\" class=\"attachment-large size-large wp-post-image\" alt=\"\" srcset=\"https:\/\/fernandamarques.com.br\/wp-content\/uploads\/2024\/04\/linha-maxx-breton-table-1-683x1024.jpg 683w, https:\/\/fernandamarques.com.br\/wp-content\/uploads\/2024\/04\/linha-maxx-breton-table-1-200x300.jpg 200w, https:\/\/fernandamarques.com.br\/wp-content\/uploads\/2024\/04\/linha-maxx-breton-table-1-scaled.jpg 1333w\" sizes=\"(max-width: 683px) 100vw, 683px\" \/><\/div><div class=\"w-hwrapper usg_hwrapper_1 align_justify valign_middle\" style=\"--hwrapper-gap:1.2rem\"><h2 class=\"w-post-elm post_title usg_post_title_1 entry-title color_link_inherit\">Maxx Stool for Breton<\/h2><div class=\"w-text usg_text_1 no_text icon_atleft\"><span class=\"w-text-h\"><i class=\"fal fa-plus\"><\/i><span class=\"w-text-value\"><\/span><\/span><\/div><\/div><\/div>\t\t<\/div>\r\n\t\t\t<\/article>\r\n\t<article class=\"w-grid-item size_1x1 post-6950 projeto type-projeto status-publish has-post-thumbnail hentry categoria-de-projeto-products\" data-id=\"6950\">\r\n\t\t<div class=\"w-grid-item-h\">\r\n\t\t\t\t\t\t\t<a href=\"https:\/\/fernandamarques.com.br\/en\/project\/maxx-chair\/\" class=\"w-grid-item-anchor\" aria-label=\"Maxx Chair for Breton\"><\/a>\r\n\t\t\t\t\t\t<div class=\"w-vwrapper usg_vwrapper_1 align_none valign_top\" style=\"--vwrapper-gap:0.7rem\"><div class=\"w-post-elm post_image usg_post_image_1 stretched\"><img decoding=\"async\" width=\"683\" height=\"1024\" src=\"https:\/\/fernandamarques.com.br\/wp-content\/uploads\/2024\/04\/linha-maxx-breton-chair-nude-683x1024.jpg\" class=\"attachment-large size-large wp-post-image\" alt=\"\" srcset=\"https:\/\/fernandamarques.com.br\/wp-content\/uploads\/2024\/04\/linha-maxx-breton-chair-nude-683x1024.jpg 683w, https:\/\/fernandamarques.com.br\/wp-content\/uploads\/2024\/04\/linha-maxx-breton-chair-nude-200x300.jpg 200w, https:\/\/fernandamarques.com.br\/wp-content\/uploads\/2024\/04\/linha-maxx-breton-chair-nude-scaled.jpg 1333w\" sizes=\"(max-width: 683px) 100vw, 683px\" \/><\/div><div class=\"w-hwrapper usg_hwrapper_1 align_justify valign_middle\" style=\"--hwrapper-gap:1.2rem\"><h2 class=\"w-post-elm post_title usg_post_title_1 entry-title color_link_inherit\">Maxx Chair for Breton<\/h2><div class=\"w-text usg_text_1 no_text icon_atleft\"><span class=\"w-text-h\"><i class=\"fal fa-plus\"><\/i><span class=\"w-text-value\"><\/span><\/span><\/div><\/div><\/div>\t\t<\/div>\r\n\t\t\t<\/article>\r\n\t<article class=\"w-grid-item size_1x1 post-6931 projeto type-projeto status-publish has-post-thumbnail hentry categoria-de-projeto-products\" data-id=\"6931\">\r\n\t\t<div class=\"w-grid-item-h\">\r\n\t\t\t\t\t\t\t<a href=\"https:\/\/fernandamarques.com.br\/en\/project\/table-wedge\/\" class=\"w-grid-item-anchor\" aria-label=\"Coffee Table Wedge for Firma Casa\"><\/a>\r\n\t\t\t\t\t\t<div class=\"w-vwrapper usg_vwrapper_1 align_none valign_top\" style=\"--vwrapper-gap:0.7rem\"><div class=\"w-post-elm post_image usg_post_image_1 stretched\"><img decoding=\"async\" width=\"1024\" height=\"683\" src=\"https:\/\/fernandamarques.com.br\/wp-content\/uploads\/2025\/12\/Foto-Capa-1024x683.jpg\" class=\"attachment-large size-large wp-post-image\" alt=\"\" srcset=\"https:\/\/fernandamarques.com.br\/wp-content\/uploads\/2025\/12\/Foto-Capa-1024x683.jpg 1024w, https:\/\/fernandamarques.com.br\/wp-content\/uploads\/2025\/12\/Foto-Capa-300x200.jpg 300w, https:\/\/fernandamarques.com.br\/wp-content\/uploads\/2025\/12\/Foto-Capa-scaled.jpg 2000w\" sizes=\"(max-width: 1024px) 100vw, 1024px\" \/><\/div><div class=\"w-hwrapper usg_hwrapper_1 align_justify valign_middle\" style=\"--hwrapper-gap:1.2rem\"><h2 class=\"w-post-elm post_title usg_post_title_1 entry-title color_link_inherit\">Coffee Table Wedge for Firma Casa<\/h2><div class=\"w-text usg_text_1 no_text icon_atleft\"><span class=\"w-text-h\"><i class=\"fal fa-plus\"><\/i><span class=\"w-text-value\"><\/span><\/span><\/div><\/div><\/div>\t\t<\/div>\r\n\t\t\t<\/article>\r\n\t<article class=\"w-grid-item size_1x1 post-6507 projeto type-projeto status-publish has-post-thumbnail hentry categoria-de-projeto-products\" data-id=\"6507\">\r\n\t\t<div class=\"w-grid-item-h\">\r\n\t\t\t\t\t\t\t<a href=\"https:\/\/fernandamarques.com.br\/en\/project\/cadeira-falesia\/\" class=\"w-grid-item-anchor\" aria-label=\"Fal\u00e9sia Chair for Breton\"><\/a>\r\n\t\t\t\t\t\t<div class=\"w-vwrapper usg_vwrapper_1 align_none valign_top\" style=\"--vwrapper-gap:0.7rem\"><div class=\"w-post-elm post_image usg_post_image_1 stretched\"><img loading=\"lazy\" decoding=\"async\" width=\"683\" height=\"1024\" src=\"https:\/\/fernandamarques.com.br\/wp-content\/uploads\/2025\/06\/Cadeira-Falesia-683x1024.jpg\" class=\"attachment-large size-large wp-post-image\" alt=\"\" srcset=\"https:\/\/fernandamarques.com.br\/wp-content\/uploads\/2025\/06\/Cadeira-Falesia-683x1024.jpg 683w, https:\/\/fernandamarques.com.br\/wp-content\/uploads\/2025\/06\/Cadeira-Falesia-200x300.jpg 200w, https:\/\/fernandamarques.com.br\/wp-content\/uploads\/2025\/06\/Cadeira-Falesia-scaled.jpg 1333w\" sizes=\"(max-width: 683px) 100vw, 683px\" \/><\/div><div class=\"w-hwrapper usg_hwrapper_1 align_justify valign_middle\" style=\"--hwrapper-gap:1.2rem\"><h2 class=\"w-post-elm post_title usg_post_title_1 entry-title color_link_inherit\">Fal\u00e9sia Chair for Breton<\/h2><div class=\"w-text usg_text_1 no_text icon_atleft\"><span class=\"w-text-h\"><i class=\"fal fa-plus\"><\/i><span class=\"w-text-value\"><\/span><\/span><\/div><\/div><\/div>\t\t<\/div>\r\n\t\t\t<\/article>\r\n\t<article class=\"w-grid-item size_1x1 post-6496 projeto type-projeto status-publish has-post-thumbnail hentry categoria-de-projeto-products\" data-id=\"6496\">\r\n\t\t<div class=\"w-grid-item-h\">\r\n\t\t\t\t\t\t\t<a href=\"https:\/\/fernandamarques.com.br\/en\/project\/mesa-de-centro-ilha-breton\/\" class=\"w-grid-item-anchor\" aria-label=\"Mesa de Centro Ilha &#8211; Breton\"><\/a>\r\n\t\t\t\t\t\t<div class=\"w-vwrapper usg_vwrapper_1 align_none valign_top\" style=\"--vwrapper-gap:0.7rem\"><div class=\"w-post-elm post_image usg_post_image_1 stretched\"><img loading=\"lazy\" decoding=\"async\" width=\"1024\" height=\"683\" src=\"https:\/\/fernandamarques.com.br\/wp-content\/uploads\/2025\/06\/BRETON_STILL0013-1-1024x683.jpg\" class=\"attachment-large size-large wp-post-image\" alt=\"\" srcset=\"https:\/\/fernandamarques.com.br\/wp-content\/uploads\/2025\/06\/BRETON_STILL0013-1-1024x683.jpg 1024w, https:\/\/fernandamarques.com.br\/wp-content\/uploads\/2025\/06\/BRETON_STILL0013-1-300x200.jpg 300w, https:\/\/fernandamarques.com.br\/wp-content\/uploads\/2025\/06\/BRETON_STILL0013-1-scaled.jpg 2000w\" sizes=\"(max-width: 1024px) 100vw, 1024px\" \/><\/div><div class=\"w-hwrapper usg_hwrapper_1 align_justify valign_middle\" style=\"--hwrapper-gap:1.2rem\"><h2 class=\"w-post-elm post_title usg_post_title_1 entry-title color_link_inherit\">Mesa de Centro Ilha &#8211; Breton<\/h2><div class=\"w-text usg_text_1 no_text icon_atleft\"><span class=\"w-text-h\"><i class=\"fal fa-plus\"><\/i><span class=\"w-text-value\"><\/span><\/span><\/div><\/div><\/div>\t\t<\/div>\r\n\t\t\t<\/article>\r\n\t<article class=\"w-grid-item size_1x1 post-6497 projeto type-projeto status-publish has-post-thumbnail hentry categoria-de-projeto-products\" data-id=\"6497\">\r\n\t\t<div class=\"w-grid-item-h\">\r\n\t\t\t\t\t\t\t<a href=\"https:\/\/fernandamarques.com.br\/en\/project\/poltrona-enseada\/\" class=\"w-grid-item-anchor\" aria-label=\"Poltrona Enseada\"><\/a>\r\n\t\t\t\t\t\t<div class=\"w-vwrapper usg_vwrapper_1 align_none valign_top\" style=\"--vwrapper-gap:0.7rem\"><div class=\"w-post-elm post_image usg_post_image_1 stretched\"><img loading=\"lazy\" decoding=\"async\" width=\"1024\" height=\"683\" src=\"https:\/\/fernandamarques.com.br\/wp-content\/uploads\/2025\/06\/Poltrona-Enseada_3_-1024x683.jpeg\" class=\"attachment-large size-large wp-post-image\" alt=\"\" srcset=\"https:\/\/fernandamarques.com.br\/wp-content\/uploads\/2025\/06\/Poltrona-Enseada_3_-1024x683.jpeg 1024w, https:\/\/fernandamarques.com.br\/wp-content\/uploads\/2025\/06\/Poltrona-Enseada_3_-300x200.jpeg 300w, https:\/\/fernandamarques.com.br\/wp-content\/uploads\/2025\/06\/Poltrona-Enseada_3_-scaled.jpeg 2000w\" sizes=\"(max-width: 1024px) 100vw, 1024px\" \/><\/div><div class=\"w-hwrapper usg_hwrapper_1 align_justify valign_middle\" style=\"--hwrapper-gap:1.2rem\"><h2 class=\"w-post-elm post_title usg_post_title_1 entry-title color_link_inherit\">Poltrona Enseada<\/h2><div class=\"w-text usg_text_1 no_text icon_atleft\"><span class=\"w-text-h\"><i class=\"fal fa-plus\"><\/i><span class=\"w-text-value\"><\/span><\/span><\/div><\/div><\/div>\t\t<\/div>\r\n\t\t\t<\/article>\r\n\t<article class=\"w-grid-item size_1x1 post-6499 projeto type-projeto status-publish has-post-thumbnail hentry categoria-de-projeto-products\" data-id=\"6499\">\r\n\t\t<div class=\"w-grid-item-h\">\r\n\t\t\t\t\t\t\t<a href=\"https:\/\/fernandamarques.com.br\/en\/project\/sofa-enseada\/\" class=\"w-grid-item-anchor\" aria-label=\"Enseada Sofa for Breton\"><\/a>\r\n\t\t\t\t\t\t<div class=\"w-vwrapper usg_vwrapper_1 align_none valign_top\" style=\"--vwrapper-gap:0.7rem\"><div class=\"w-post-elm post_image usg_post_image_1 stretched\"><img loading=\"lazy\" decoding=\"async\" width=\"1024\" height=\"686\" src=\"https:\/\/fernandamarques.com.br\/wp-content\/uploads\/2025\/06\/Sofa-Enseada-1024x686.jpg\" class=\"attachment-large size-large wp-post-image\" alt=\"\" srcset=\"https:\/\/fernandamarques.com.br\/wp-content\/uploads\/2025\/06\/Sofa-Enseada-1024x686.jpg 1024w, https:\/\/fernandamarques.com.br\/wp-content\/uploads\/2025\/06\/Sofa-Enseada-300x201.jpg 300w, https:\/\/fernandamarques.com.br\/wp-content\/uploads\/2025\/06\/Sofa-Enseada-scaled.jpg 2000w\" sizes=\"(max-width: 1024px) 100vw, 1024px\" \/><\/div><div class=\"w-hwrapper usg_hwrapper_1 align_justify valign_middle\" style=\"--hwrapper-gap:1.2rem\"><h2 class=\"w-post-elm post_title usg_post_title_1 entry-title color_link_inherit\">Enseada Sofa for Breton<\/h2><div class=\"w-text usg_text_1 no_text icon_atleft\"><span class=\"w-text-h\"><i class=\"fal fa-plus\"><\/i><span class=\"w-text-value\"><\/span><\/span><\/div><\/div><\/div>\t\t<\/div>\r\n\t\t\t<\/article>\r\n\t<article class=\"w-grid-item size_1x1 post-3967 projeto type-projeto status-publish has-post-thumbnail hentry categoria-de-projeto-products\" data-id=\"3967\">\r\n\t\t<div class=\"w-grid-item-h\">\r\n\t\t\t\t\t\t\t<a href=\"https:\/\/fernandamarques.com.br\/en\/project\/chaise-fly\/\" class=\"w-grid-item-anchor\" aria-label=\"Chaise Fly for Breton\"><\/a>\r\n\t\t\t\t\t\t<div class=\"w-vwrapper usg_vwrapper_1 align_none valign_top\" style=\"--vwrapper-gap:0.7rem\"><div class=\"w-post-elm post_image usg_post_image_1 stretched\"><img loading=\"lazy\" decoding=\"async\" width=\"683\" height=\"1024\" src=\"https:\/\/fernandamarques.com.br\/wp-content\/uploads\/2024\/03\/Fernanda-Marques-chaise-fly-683x1024.jpg\" class=\"attachment-large size-large wp-post-image\" alt=\"\" srcset=\"https:\/\/fernandamarques.com.br\/wp-content\/uploads\/2024\/03\/Fernanda-Marques-chaise-fly-683x1024.jpg 683w, https:\/\/fernandamarques.com.br\/wp-content\/uploads\/2024\/03\/Fernanda-Marques-chaise-fly-200x300.jpg 200w, https:\/\/fernandamarques.com.br\/wp-content\/uploads\/2024\/03\/Fernanda-Marques-chaise-fly-scaled.jpg 1707w\" sizes=\"(max-width: 683px) 100vw, 683px\" \/><\/div><div class=\"w-hwrapper usg_hwrapper_1 align_justify valign_middle\" style=\"--hwrapper-gap:1.2rem\"><h2 class=\"w-post-elm post_title usg_post_title_1 entry-title color_link_inherit\">Chaise Fly for Breton<\/h2><div class=\"w-text usg_text_1 no_text icon_atleft\"><span class=\"w-text-h\"><i class=\"fal fa-plus\"><\/i><span class=\"w-text-value\"><\/span><\/span><\/div><\/div><\/div>\t\t<\/div>\r\n\t\t\t<\/article>\r\n\t<article class=\"w-grid-item size_1x1 post-4003 projeto type-projeto status-publish has-post-thumbnail hentry categoria-de-projeto-products\" data-id=\"4003\">\r\n\t\t<div class=\"w-grid-item-h\">\r\n\t\t\t\t\t\t\t<a href=\"https:\/\/fernandamarques.com.br\/en\/project\/mesa-galhos\/\" class=\"w-grid-item-anchor\" aria-label=\"Coffee Table Galhos for Breton\"><\/a>\r\n\t\t\t\t\t\t<div class=\"w-vwrapper usg_vwrapper_1 align_none valign_top\" style=\"--vwrapper-gap:0.7rem\"><div class=\"w-post-elm post_image usg_post_image_1 stretched\"><img loading=\"lazy\" decoding=\"async\" width=\"1024\" height=\"505\" src=\"https:\/\/fernandamarques.com.br\/wp-content\/uploads\/2024\/04\/mesa-galhos-centro-capa-1024x505.jpg\" class=\"attachment-large size-large wp-post-image\" alt=\"\" srcset=\"https:\/\/fernandamarques.com.br\/wp-content\/uploads\/2024\/04\/mesa-galhos-centro-capa-1024x505.jpg 1024w, https:\/\/fernandamarques.com.br\/wp-content\/uploads\/2024\/04\/mesa-galhos-centro-capa-300x148.jpg 300w\" sizes=\"(max-width: 1024px) 100vw, 1024px\" \/><\/div><div class=\"w-hwrapper usg_hwrapper_1 align_justify valign_middle\" style=\"--hwrapper-gap:1.2rem\"><h2 class=\"w-post-elm post_title usg_post_title_1 entry-title color_link_inherit\">Coffee Table Galhos for Breton<\/h2><div class=\"w-text usg_text_1 no_text icon_atleft\"><span class=\"w-text-h\"><i class=\"fal fa-plus\"><\/i><span class=\"w-text-value\"><\/span><\/span><\/div><\/div><\/div>\t\t<\/div>\r\n\t\t\t<\/article>\r\n\t<article class=\"w-grid-item size_1x1 post-2111 projeto type-projeto status-publish has-post-thumbnail hentry categoria-de-projeto-products\" data-id=\"2111\">\r\n\t\t<div class=\"w-grid-item-h\">\r\n\t\t\t\t\t\t\t<a href=\"https:\/\/fernandamarques.com.br\/en\/project\/banco-geomorph-para-mekal\/\" class=\"w-grid-item-anchor\" aria-label=\"Geomorph Bench for Mekal\"><\/a>\r\n\t\t\t\t\t\t<div class=\"w-vwrapper usg_vwrapper_1 align_none valign_top\" style=\"--vwrapper-gap:0.7rem\"><div class=\"w-post-elm post_image usg_post_image_1 stretched\"><img loading=\"lazy\" decoding=\"async\" width=\"768\" height=\"512\" src=\"https:\/\/fernandamarques.com.br\/wp-content\/uploads\/2023\/11\/banco-geomorph.jpg\" class=\"attachment-large size-large wp-post-image\" alt=\"\" srcset=\"https:\/\/fernandamarques.com.br\/wp-content\/uploads\/2023\/11\/banco-geomorph.jpg 768w, https:\/\/fernandamarques.com.br\/wp-content\/uploads\/2023\/11\/banco-geomorph-300x200.jpg 300w\" sizes=\"(max-width: 768px) 100vw, 768px\" \/><\/div><div class=\"w-hwrapper usg_hwrapper_1 align_justify valign_middle\" style=\"--hwrapper-gap:1.2rem\"><h2 class=\"w-post-elm post_title usg_post_title_1 entry-title color_link_inherit\">Geomorph Bench for Mekal<\/h2><div class=\"w-text usg_text_1 no_text icon_atleft\"><span class=\"w-text-h\"><i class=\"fal fa-plus\"><\/i><span class=\"w-text-value\"><\/span><\/span><\/div><\/div><\/div>\t\t<\/div>\r\n\t\t\t<\/article>\r\n\t<article class=\"w-grid-item size_1x1 post-4028 projeto type-projeto status-publish has-post-thumbnail hentry categoria-de-projeto-products\" data-id=\"4028\">\r\n\t\t<div class=\"w-grid-item-h\">\r\n\t\t\t\t\t\t\t<a href=\"https:\/\/fernandamarques.com.br\/en\/project\/maxx-armchair\/\" class=\"w-grid-item-anchor\" aria-label=\"Maxx Armchair for Breton\"><\/a>\r\n\t\t\t\t\t\t<div class=\"w-vwrapper usg_vwrapper_1 align_none valign_top\" style=\"--vwrapper-gap:0.7rem\"><div class=\"w-post-elm post_image usg_post_image_1 stretched\"><img loading=\"lazy\" decoding=\"async\" width=\"683\" height=\"1024\" src=\"https:\/\/fernandamarques.com.br\/wp-content\/uploads\/2024\/04\/linha-maxx-breton-chair-sofa-2-683x1024.jpg\" class=\"attachment-large size-large wp-post-image\" alt=\"\" srcset=\"https:\/\/fernandamarques.com.br\/wp-content\/uploads\/2024\/04\/linha-maxx-breton-chair-sofa-2-683x1024.jpg 683w, https:\/\/fernandamarques.com.br\/wp-content\/uploads\/2024\/04\/linha-maxx-breton-chair-sofa-2-200x300.jpg 200w, https:\/\/fernandamarques.com.br\/wp-content\/uploads\/2024\/04\/linha-maxx-breton-chair-sofa-2-scaled.jpg 1333w\" sizes=\"(max-width: 683px) 100vw, 683px\" \/><\/div><div class=\"w-hwrapper usg_hwrapper_1 align_justify valign_middle\" style=\"--hwrapper-gap:1.2rem\"><h2 class=\"w-post-elm post_title usg_post_title_1 entry-title color_link_inherit\">Maxx Armchair for Breton<\/h2><div class=\"w-text usg_text_1 no_text icon_atleft\"><span class=\"w-text-h\"><i class=\"fal fa-plus\"><\/i><span class=\"w-text-value\"><\/span><\/span><\/div><\/div><\/div>\t\t<\/div>\r\n\t\t\t<\/article>\r\n\t<article class=\"w-grid-item size_1x1 post-2114 projeto type-projeto status-publish has-post-thumbnail hentry categoria-de-projeto-products\" data-id=\"2114\">\r\n\t\t<div class=\"w-grid-item-h\">\r\n\t\t\t\t\t\t\t<a href=\"https:\/\/fernandamarques.com.br\/en\/project\/colecao-serras-para-breton\/\" class=\"w-grid-item-anchor\" aria-label=\"Serras Collection for Breton\"><\/a>\r\n\t\t\t\t\t\t<div class=\"w-vwrapper usg_vwrapper_1 align_none valign_top\" style=\"--vwrapper-gap:0.7rem\"><div class=\"w-post-elm post_image usg_post_image_1 stretched\"><img loading=\"lazy\" decoding=\"async\" width=\"768\" height=\"384\" src=\"https:\/\/fernandamarques.com.br\/wp-content\/uploads\/2023\/11\/colecao-serras-para-breton.jpg\" class=\"attachment-large size-large wp-post-image\" alt=\"\" srcset=\"https:\/\/fernandamarques.com.br\/wp-content\/uploads\/2023\/11\/colecao-serras-para-breton.jpg 768w, https:\/\/fernandamarques.com.br\/wp-content\/uploads\/2023\/11\/colecao-serras-para-breton-300x150.jpg 300w\" sizes=\"(max-width: 768px) 100vw, 768px\" \/><\/div><div class=\"w-hwrapper usg_hwrapper_1 align_justify valign_middle\" style=\"--hwrapper-gap:1.2rem\"><h2 class=\"w-post-elm post_title usg_post_title_1 entry-title color_link_inherit\">Serras Collection for Breton<\/h2><div class=\"w-text usg_text_1 no_text icon_atleft\"><span class=\"w-text-h\"><i class=\"fal fa-plus\"><\/i><span class=\"w-text-value\"><\/span><\/span><\/div><\/div><\/div>\t\t<\/div>\r\n\t\t\t<\/article>\r\n\t<article class=\"w-grid-item size_1x1 post-6346 projeto type-projeto status-publish has-post-thumbnail hentry categoria-de-projeto-products\" data-id=\"6346\">\r\n\t\t<div class=\"w-grid-item-h\">\r\n\t\t\t\t\t\t\t<a href=\"https:\/\/fernandamarques.com.br\/en\/project\/sofa-landscape-para-breton-2\/\" class=\"w-grid-item-anchor\" aria-label=\"Peninsula Dinner Table for Breton\"><\/a>\r\n\t\t\t\t\t\t<div class=\"w-vwrapper usg_vwrapper_1 align_none valign_top\" style=\"--vwrapper-gap:0.7rem\"><div class=\"w-post-elm post_image usg_post_image_1 stretched\"><img loading=\"lazy\" decoding=\"async\" width=\"683\" height=\"1024\" src=\"https:\/\/fernandamarques.com.br\/wp-content\/uploads\/2025\/05\/Breton0134-683x1024.jpg\" class=\"attachment-large size-large wp-post-image\" alt=\"\" srcset=\"https:\/\/fernandamarques.com.br\/wp-content\/uploads\/2025\/05\/Breton0134-683x1024.jpg 683w, https:\/\/fernandamarques.com.br\/wp-content\/uploads\/2025\/05\/Breton0134-200x300.jpg 200w, https:\/\/fernandamarques.com.br\/wp-content\/uploads\/2025\/05\/Breton0134-scaled.jpg 1333w\" sizes=\"(max-width: 683px) 100vw, 683px\" \/><\/div><div class=\"w-hwrapper usg_hwrapper_1 align_justify valign_middle\" style=\"--hwrapper-gap:1.2rem\"><h2 class=\"w-post-elm post_title usg_post_title_1 entry-title color_link_inherit\">Peninsula Dinner Table for Breton<\/h2><div class=\"w-text usg_text_1 no_text icon_atleft\"><span class=\"w-text-h\"><i class=\"fal fa-plus\"><\/i><span class=\"w-text-value\"><\/span><\/span><\/div><\/div><\/div>\t\t<\/div>\r\n\t\t\t<\/article>\r\n\t<article class=\"w-grid-item size_1x1 post-2116 projeto type-projeto status-publish has-post-thumbnail hentry categoria-de-projeto-products\" data-id=\"2116\">\r\n\t\t<div class=\"w-grid-item-h\">\r\n\t\t\t\t\t\t\t<a href=\"https:\/\/fernandamarques.com.br\/en\/project\/sofa-landscape-para-breton\/\" class=\"w-grid-item-anchor\" aria-label=\"Landscape Sofa for Breton\"><\/a>\r\n\t\t\t\t\t\t<div class=\"w-vwrapper usg_vwrapper_1 align_none valign_top\" style=\"--vwrapper-gap:0.7rem\"><div class=\"w-post-elm post_image usg_post_image_1 stretched\"><img loading=\"lazy\" decoding=\"async\" width=\"768\" height=\"512\" src=\"https:\/\/fernandamarques.com.br\/wp-content\/uploads\/2023\/11\/sofa-landscape-para-breton.jpg\" class=\"attachment-large size-large wp-post-image\" alt=\"\" srcset=\"https:\/\/fernandamarques.com.br\/wp-content\/uploads\/2023\/11\/sofa-landscape-para-breton.jpg 768w, https:\/\/fernandamarques.com.br\/wp-content\/uploads\/2023\/11\/sofa-landscape-para-breton-300x200.jpg 300w\" sizes=\"(max-width: 768px) 100vw, 768px\" \/><\/div><div class=\"w-hwrapper usg_hwrapper_1 align_justify valign_middle\" style=\"--hwrapper-gap:1.2rem\"><h2 class=\"w-post-elm post_title usg_post_title_1 entry-title color_link_inherit\">Landscape Sofa for Breton<\/h2><div class=\"w-text usg_text_1 no_text icon_atleft\"><span class=\"w-text-h\"><i class=\"fal fa-plus\"><\/i><span class=\"w-text-value\"><\/span><\/span><\/div><\/div><\/div>\t\t<\/div>\r\n\t\t\t<\/article>\r\n\t<article class=\"w-grid-item size_1x1 post-2115 projeto type-projeto status-publish has-post-thumbnail hentry categoria-de-projeto-products\" data-id=\"2115\">\r\n\t\t<div class=\"w-grid-item-h\">\r\n\t\t\t\t\t\t\t<a href=\"https:\/\/fernandamarques.com.br\/en\/project\/colecao-tumbi-para-st-james\/\" class=\"w-grid-item-anchor\" aria-label=\"Tumbi Collection for St. James\"><\/a>\r\n\t\t\t\t\t\t<div class=\"w-vwrapper usg_vwrapper_1 align_none valign_top\" style=\"--vwrapper-gap:0.7rem\"><div class=\"w-post-elm post_image usg_post_image_1 stretched\"><img loading=\"lazy\" decoding=\"async\" width=\"678\" height=\"1024\" src=\"https:\/\/fernandamarques.com.br\/wp-content\/uploads\/2023\/11\/fernanda-marques-colecao-tumbi-produto-decoracao-16-678x1024.jpg\" class=\"attachment-large size-large wp-post-image\" alt=\"\" srcset=\"https:\/\/fernandamarques.com.br\/wp-content\/uploads\/2023\/11\/fernanda-marques-colecao-tumbi-produto-decoracao-16-678x1024.jpg 678w, https:\/\/fernandamarques.com.br\/wp-content\/uploads\/2023\/11\/fernanda-marques-colecao-tumbi-produto-decoracao-16-199x300.jpg 199w, https:\/\/fernandamarques.com.br\/wp-content\/uploads\/2023\/11\/fernanda-marques-colecao-tumbi-produto-decoracao-16-scaled.jpg 1324w\" sizes=\"(max-width: 678px) 100vw, 678px\" \/><\/div><div class=\"w-hwrapper usg_hwrapper_1 align_justify valign_middle\" style=\"--hwrapper-gap:1.2rem\"><h2 class=\"w-post-elm post_title usg_post_title_1 entry-title color_link_inherit\">Tumbi Collection for St. James<\/h2><div class=\"w-text usg_text_1 no_text icon_atleft\"><span class=\"w-text-h\"><i class=\"fal fa-plus\"><\/i><span class=\"w-text-value\"><\/span><\/span><\/div><\/div><\/div>\t\t<\/div>\r\n\t\t\t<\/article>\r\n\t<article class=\"w-grid-item size_1x1 post-2112 projeto type-projeto status-publish has-post-thumbnail hentry categoria-de-projeto-products\" data-id=\"2112\">\r\n\t\t<div class=\"w-grid-item-h\">\r\n\t\t\t\t\t\t\t<a href=\"https:\/\/fernandamarques.com.br\/en\/project\/colecao-tumbira\/\" class=\"w-grid-item-anchor\" aria-label=\"Tumbira Collection\"><\/a>\r\n\t\t\t\t\t\t<div class=\"w-vwrapper usg_vwrapper_1 align_none valign_top\" style=\"--vwrapper-gap:0.7rem\"><div class=\"w-post-elm post_image usg_post_image_1 stretched\"><img loading=\"lazy\" decoding=\"async\" width=\"768\" height=\"768\" src=\"https:\/\/fernandamarques.com.br\/wp-content\/uploads\/2023\/11\/colecao-tumbira.jpg\" class=\"attachment-large size-large wp-post-image\" alt=\"\" srcset=\"https:\/\/fernandamarques.com.br\/wp-content\/uploads\/2023\/11\/colecao-tumbira.jpg 768w, https:\/\/fernandamarques.com.br\/wp-content\/uploads\/2023\/11\/colecao-tumbira-300x300.jpg 300w, https:\/\/fernandamarques.com.br\/wp-content\/uploads\/2023\/11\/colecao-tumbira-150x150.jpg 150w\" sizes=\"(max-width: 768px) 100vw, 768px\" \/><\/div><div class=\"w-hwrapper usg_hwrapper_1 align_justify valign_middle\" style=\"--hwrapper-gap:1.2rem\"><h2 class=\"w-post-elm post_title usg_post_title_1 entry-title color_link_inherit\">Tumbira Collection<\/h2><div class=\"w-text usg_text_1 no_text icon_atleft\"><span class=\"w-text-h\"><i class=\"fal fa-plus\"><\/i><span class=\"w-text-value\"><\/span><\/span><\/div><\/div><\/div>\t\t<\/div>\r\n\t\t\t<\/article>\r\n\t<article class=\"w-grid-item size_1x1 post-2104 projeto type-projeto status-publish has-post-thumbnail hentry categoria-de-projeto-products\" data-id=\"2104\">\r\n\t\t<div class=\"w-grid-item-h\">\r\n\t\t\t\t\t\t\t<a href=\"https:\/\/fernandamarques.com.br\/en\/project\/golden-cabinet\/\" class=\"w-grid-item-anchor\" aria-label=\"Golden Cabinet\"><\/a>\r\n\t\t\t\t\t\t<div class=\"w-vwrapper usg_vwrapper_1 align_none valign_top\" style=\"--vwrapper-gap:0.7rem\"><div class=\"w-post-elm post_image usg_post_image_1 stretched\"><img loading=\"lazy\" decoding=\"async\" width=\"768\" height=\"384\" src=\"https:\/\/fernandamarques.com.br\/wp-content\/uploads\/2023\/11\/golden-cabinet.jpg\" class=\"attachment-large size-large wp-post-image\" alt=\"\" srcset=\"https:\/\/fernandamarques.com.br\/wp-content\/uploads\/2023\/11\/golden-cabinet.jpg 768w, https:\/\/fernandamarques.com.br\/wp-content\/uploads\/2023\/11\/golden-cabinet-300x150.jpg 300w\" sizes=\"(max-width: 768px) 100vw, 768px\" \/><\/div><div class=\"w-hwrapper usg_hwrapper_1 align_justify valign_middle\" style=\"--hwrapper-gap:1.2rem\"><h2 class=\"w-post-elm post_title usg_post_title_1 entry-title color_link_inherit\">Golden Cabinet<\/h2><div class=\"w-text usg_text_1 no_text icon_atleft\"><span class=\"w-text-h\"><i class=\"fal fa-plus\"><\/i><span class=\"w-text-value\"><\/span><\/span><\/div><\/div><\/div>\t\t<\/div>\r\n\t\t\t<\/article>\r\n\t<article class=\"w-grid-item size_1x1 post-2109 projeto type-projeto status-publish has-post-thumbnail hentry categoria-de-projeto-products\" data-id=\"2109\">\r\n\t\t<div class=\"w-grid-item-h\">\r\n\t\t\t\t\t\t\t<a href=\"https:\/\/fernandamarques.com.br\/en\/project\/banco-infinito\/\" class=\"w-grid-item-anchor\" aria-label=\"Infinito Bench\"><\/a>\r\n\t\t\t\t\t\t<div class=\"w-vwrapper usg_vwrapper_1 align_none valign_top\" style=\"--vwrapper-gap:0.7rem\"><div class=\"w-post-elm post_image usg_post_image_1 stretched\"><img loading=\"lazy\" decoding=\"async\" width=\"768\" height=\"493\" src=\"https:\/\/fernandamarques.com.br\/wp-content\/uploads\/2023\/11\/banco-infinito.jpg\" class=\"attachment-large size-large wp-post-image\" alt=\"\" srcset=\"https:\/\/fernandamarques.com.br\/wp-content\/uploads\/2023\/11\/banco-infinito.jpg 768w, https:\/\/fernandamarques.com.br\/wp-content\/uploads\/2023\/11\/banco-infinito-300x193.jpg 300w\" sizes=\"(max-width: 768px) 100vw, 768px\" \/><\/div><div class=\"w-hwrapper usg_hwrapper_1 align_justify valign_middle\" style=\"--hwrapper-gap:1.2rem\"><h2 class=\"w-post-elm post_title usg_post_title_1 entry-title color_link_inherit\">Infinito Bench<\/h2><div class=\"w-text usg_text_1 no_text icon_atleft\"><span class=\"w-text-h\"><i class=\"fal fa-plus\"><\/i><span class=\"w-text-value\"><\/span><\/span><\/div><\/div><\/div>\t\t<\/div>\r\n\t\t\t<\/article>\r\n\t<article class=\"w-grid-item size_1x1 post-2103 projeto type-projeto status-publish has-post-thumbnail hentry categoria-de-projeto-products\" data-id=\"2103\">\r\n\t\t<div class=\"w-grid-item-h\">\r\n\t\t\t\t\t\t\t<a href=\"https:\/\/fernandamarques.com.br\/en\/project\/cuba-infinity-para-roca\/\" class=\"w-grid-item-anchor\" aria-label=\"Bathroom Sink for Roca\"><\/a>\r\n\t\t\t\t\t\t<div class=\"w-vwrapper usg_vwrapper_1 align_none valign_top\" style=\"--vwrapper-gap:0.7rem\"><div class=\"w-post-elm post_image usg_post_image_1 stretched\"><img loading=\"lazy\" decoding=\"async\" width=\"768\" height=\"433\" src=\"https:\/\/fernandamarques.com.br\/wp-content\/uploads\/2023\/11\/cuba-infinity-para-roca.jpg\" class=\"attachment-large size-large wp-post-image\" alt=\"\" srcset=\"https:\/\/fernandamarques.com.br\/wp-content\/uploads\/2023\/11\/cuba-infinity-para-roca.jpg 768w, https:\/\/fernandamarques.com.br\/wp-content\/uploads\/2023\/11\/cuba-infinity-para-roca-300x169.jpg 300w\" sizes=\"(max-width: 768px) 100vw, 768px\" \/><\/div><div class=\"w-hwrapper usg_hwrapper_1 align_justify valign_middle\" style=\"--hwrapper-gap:1.2rem\"><h2 class=\"w-post-elm post_title usg_post_title_1 entry-title color_link_inherit\">Bathroom Sink for Roca<\/h2><div class=\"w-text usg_text_1 no_text icon_atleft\"><span class=\"w-text-h\"><i class=\"fal fa-plus\"><\/i><span class=\"w-text-value\"><\/span><\/span><\/div><\/div><\/div>\t\t<\/div>\r\n\t\t\t<\/article>\r\n\t<article class=\"w-grid-item size_1x1 post-2102 projeto type-projeto status-publish has-post-thumbnail hentry categoria-de-projeto-products\" data-id=\"2102\">\r\n\t\t<div class=\"w-grid-item-h\">\r\n\t\t\t\t\t\t\t<a href=\"https:\/\/fernandamarques.com.br\/en\/project\/banco-organic-para-mekal\/\" class=\"w-grid-item-anchor\" aria-label=\"Organic Bench for Mekal\"><\/a>\r\n\t\t\t\t\t\t<div class=\"w-vwrapper usg_vwrapper_1 align_none valign_top\" style=\"--vwrapper-gap:0.7rem\"><div class=\"w-post-elm post_image usg_post_image_1 stretched\"><img loading=\"lazy\" decoding=\"async\" width=\"768\" height=\"512\" src=\"https:\/\/fernandamarques.com.br\/wp-content\/uploads\/2023\/11\/banco-rganic-para-mekal.jpg\" class=\"attachment-large size-large wp-post-image\" alt=\"\" srcset=\"https:\/\/fernandamarques.com.br\/wp-content\/uploads\/2023\/11\/banco-rganic-para-mekal.jpg 768w, https:\/\/fernandamarques.com.br\/wp-content\/uploads\/2023\/11\/banco-rganic-para-mekal-300x200.jpg 300w\" sizes=\"(max-width: 768px) 100vw, 768px\" \/><\/div><div class=\"w-hwrapper usg_hwrapper_1 align_justify valign_middle\" style=\"--hwrapper-gap:1.2rem\"><h2 class=\"w-post-elm post_title usg_post_title_1 entry-title color_link_inherit\">Organic Bench for Mekal<\/h2><div class=\"w-text usg_text_1 no_text icon_atleft\"><span class=\"w-text-h\"><i class=\"fal fa-plus\"><\/i><span class=\"w-text-value\"><\/span><\/span><\/div><\/div><\/div>\t\t<\/div>\r\n\t\t\t<\/article>\r\n\t<article class=\"w-grid-item size_1x1 post-2143 projeto type-projeto status-publish has-post-thumbnail hentry categoria-de-projeto-products\" data-id=\"2143\">\r\n\t\t<div class=\"w-grid-item-h\">\r\n\t\t\t\t\t\t\t<a href=\"https:\/\/fernandamarques.com.br\/en\/project\/linha-fernanda-marques-para-grifith\/\" class=\"w-grid-item-anchor\" aria-label=\"Jewerly Fernanda Marques Collection for Grifith\"><\/a>\r\n\t\t\t\t\t\t<div class=\"w-vwrapper usg_vwrapper_1 align_none valign_top\" style=\"--vwrapper-gap:0.7rem\"><div class=\"w-post-elm post_image usg_post_image_1 stretched\"><img loading=\"lazy\" decoding=\"async\" width=\"768\" height=\"512\" src=\"https:\/\/fernandamarques.com.br\/wp-content\/uploads\/2023\/11\/linha-fernanda-marques-para-grifith.jpg\" class=\"attachment-large size-large wp-post-image\" alt=\"Pulseira com linhas fluidas e contempor\u00e2neas desenhada por Fernanda Marques para a Grifith, reconhecida com Men\u00e7\u00e3o Honrosa no IDA Design Awards 2016 por sua inova\u00e7\u00e3o e est\u00e9tica.\" srcset=\"https:\/\/fernandamarques.com.br\/wp-content\/uploads\/2023\/11\/linha-fernanda-marques-para-grifith.jpg 768w, https:\/\/fernandamarques.com.br\/wp-content\/uploads\/2023\/11\/linha-fernanda-marques-para-grifith-300x200.jpg 300w\" sizes=\"(max-width: 768px) 100vw, 768px\" \/><\/div><div class=\"w-hwrapper usg_hwrapper_1 align_justify valign_middle\" style=\"--hwrapper-gap:1.2rem\"><h2 class=\"w-post-elm post_title usg_post_title_1 entry-title color_link_inherit\">Jewerly Fernanda Marques Collection for Grifith<\/h2><div class=\"w-text usg_text_1 no_text icon_atleft\"><span class=\"w-text-h\"><i class=\"fal fa-plus\"><\/i><span class=\"w-text-value\"><\/span><\/span><\/div><\/div><\/div>\t\t<\/div>\r\n\t\t\t<\/article>\r\n\t<article class=\"w-grid-item size_1x1 post-2144 projeto type-projeto status-publish has-post-thumbnail hentry categoria-de-projeto-products\" data-id=\"2144\">\r\n\t\t<div class=\"w-grid-item-h\">\r\n\t\t\t\t\t\t\t<a href=\"https:\/\/fernandamarques.com.br\/en\/project\/linha-synapsis-para-solarium\/\" class=\"w-grid-item-anchor\" aria-label=\"Synapsis Collection for Solarium\"><\/a>\r\n\t\t\t\t\t\t<div class=\"w-vwrapper usg_vwrapper_1 align_none valign_top\" style=\"--vwrapper-gap:0.7rem\"><div class=\"w-post-elm post_image usg_post_image_1 stretched\"><img loading=\"lazy\" decoding=\"async\" width=\"685\" height=\"1024\" src=\"https:\/\/fernandamarques.com.br\/wp-content\/uploads\/2023\/11\/linha-synapsis-para-solarium-685x1024.jpg\" class=\"attachment-large size-large wp-post-image\" alt=\"\" srcset=\"https:\/\/fernandamarques.com.br\/wp-content\/uploads\/2023\/11\/linha-synapsis-para-solarium-685x1024.jpg 685w, https:\/\/fernandamarques.com.br\/wp-content\/uploads\/2023\/11\/linha-synapsis-para-solarium-201x300.jpg 201w, https:\/\/fernandamarques.com.br\/wp-content\/uploads\/2023\/11\/linha-synapsis-para-solarium.jpg 768w\" sizes=\"(max-width: 685px) 100vw, 685px\" \/><\/div><div class=\"w-hwrapper usg_hwrapper_1 align_justify valign_middle\" style=\"--hwrapper-gap:1.2rem\"><h2 class=\"w-post-elm post_title usg_post_title_1 entry-title color_link_inherit\">Synapsis Collection for Solarium<\/h2><div class=\"w-text usg_text_1 no_text icon_atleft\"><span class=\"w-text-h\"><i class=\"fal fa-plus\"><\/i><span class=\"w-text-value\"><\/span><\/span><\/div><\/div><\/div>\t\t<\/div>\r\n\t\t\t<\/article>\r\n\t<article class=\"w-grid-item size_1x1 post-2101 projeto type-projeto status-publish has-post-thumbnail hentry categoria-de-projeto-products\" data-id=\"2101\">\r\n\t\t<div class=\"w-grid-item-h\">\r\n\t\t\t\t\t\t\t<a href=\"https:\/\/fernandamarques.com.br\/en\/project\/linha-pixel-para-solarium\/\" class=\"w-grid-item-anchor\" aria-label=\"Pixel Collection for Solarium\"><\/a>\r\n\t\t\t\t\t\t<div class=\"w-vwrapper usg_vwrapper_1 align_none valign_top\" style=\"--vwrapper-gap:0.7rem\"><div class=\"w-post-elm post_image usg_post_image_1 stretched\"><img loading=\"lazy\" decoding=\"async\" width=\"667\" height=\"1000\" src=\"https:\/\/fernandamarques.com.br\/wp-content\/uploads\/2023\/11\/linha-pixel-para-solarium.jpg\" class=\"attachment-large size-large wp-post-image\" alt=\"\" srcset=\"https:\/\/fernandamarques.com.br\/wp-content\/uploads\/2023\/11\/linha-pixel-para-solarium.jpg 667w, https:\/\/fernandamarques.com.br\/wp-content\/uploads\/2023\/11\/linha-pixel-para-solarium-200x300.jpg 200w\" sizes=\"(max-width: 667px) 100vw, 667px\" \/><\/div><div class=\"w-hwrapper usg_hwrapper_1 align_justify valign_middle\" style=\"--hwrapper-gap:1.2rem\"><h2 class=\"w-post-elm post_title usg_post_title_1 entry-title color_link_inherit\">Pixel Collection for Solarium<\/h2><div class=\"w-text usg_text_1 no_text icon_atleft\"><span class=\"w-text-h\"><i class=\"fal fa-plus\"><\/i><span class=\"w-text-value\"><\/span><\/span><\/div><\/div><\/div>\t\t<\/div>\r\n\t\t\t<\/article>\r\n<\/div>\t<div class=\"w-grid-preloader\">\r\n\t\t<div class=\"g-preloader type_1\">\r\n\t\t\t<div><\/div>\r\n\t\t<\/div>\r\n\t<\/div>\r\n\t\t<div class=\"w-grid-json hidden\" onclick='return {&quot;action&quot;:&quot;us_ajax_grid&quot;,&quot;infinite_scroll&quot;:0,&quot;max_num_pages&quot;:1,&quot;pagination&quot;:&quot;ajax&quot;,&quot;template_vars&quot;:{&quot;columns&quot;:&quot;3&quot;,&quot;exclude_items&quot;:&quot;none&quot;,&quot;img_size&quot;:&quot;default&quot;,&quot;ignore_items_size&quot;:0,&quot;items_layout&quot;:&quot;862&quot;,&quot;items_offset&quot;:&quot;1&quot;,&quot;load_animation&quot;:&quot;none&quot;,&quot;overriding_link&quot;:&quot;%7B%22type%22%3A%22post%22%7D&quot;,&quot;post_id&quot;:0,&quot;query_args&quot;:{&quot;post_type&quot;:[&quot;projeto&quot;],&quot;tax_query&quot;:[{&quot;taxonomy&quot;:&quot;categoria-de-projeto&quot;,&quot;field&quot;:&quot;slug&quot;,&quot;terms&quot;:[&quot;produtos&quot;]}],&quot;post_status&quot;:[&quot;publish&quot;,&quot;acf-disabled&quot;],&quot;posts_per_page&quot;:&quot;30&quot;},&quot;orderby_query_args&quot;:{&quot;orderby&quot;:{&quot;date&quot;:&quot;DESC&quot;}},&quot;type&quot;:&quot;masonry&quot;,&quot;us_grid_post_type&quot;:&quot;projeto&quot;,&quot;us_grid_ajax_index&quot;:1,&quot;us_grid_filter_query_string&quot;:null,&quot;us_grid_index&quot;:1,&quot;page_args&quot;:[],&quot;lang&quot;:&quot;en&quot;}}'><\/div>\r\n\t<\/div><\/div><\/div><\/div><\/div><\/section>\n","protected":false},"excerpt":{"rendered":"Pixel is the second product developed by architect Fernanda Marques for Solarium. As with Synapsis, her previous line, this is another successful initiative by the designer to provide the construction industry with versatile and accessible, but conceptually strong, products. This time there are 6 composable elements, hexagonal in shape and made of concrete, which may...","protected":false},"author":5,"featured_media":0,"parent":0,"menu_order":0,"comment_status":"closed","ping_status":"closed","template":"","meta":{"_acf_changed":false,"_monsterinsights_skip_tracking":false,"_monsterinsights_sitenote_active":false,"_monsterinsights_sitenote_note":"","_monsterinsights_sitenote_category":0,"footnotes":""},"class_list":["post-1995","page","type-page","status-publish","hentry"],"acf":[],"yoast_head":"<!-- This site is optimized with the Yoast SEO plugin v27.5 - https:\/\/yoast.com\/product\/yoast-seo-wordpress\/ -->\n<title>Products - Fernanda Marques<\/title>\n<meta name=\"robots\" content=\"index, follow, max-snippet:-1, max-image-preview:large, max-video-preview:-1\" \/>\n<link rel=\"canonical\" href=\"https:\/\/fernandamarques.com.br\/en\/products\/\" \/>\n<meta property=\"og:locale\" content=\"en_US\" \/>\n<meta property=\"og:type\" content=\"article\" \/>\n<meta property=\"og:title\" content=\"Products - Fernanda Marques\" \/>\n<meta property=\"og:url\" content=\"https:\/\/fernandamarques.com.br\/en\/products\/\" \/>\n<meta property=\"og:site_name\" content=\"Fernanda Marques\" \/>\n<meta property=\"article:modified_time\" content=\"2024-02-29T13:31:13+00:00\" \/>\n<meta name=\"twitter:card\" content=\"summary_large_image\" \/>\n<meta name=\"twitter:label1\" content=\"Est. reading time\" \/>\n\t<meta name=\"twitter:data1\" content=\"1 minute\" \/>\n<!-- \/ Yoast SEO plugin. -->","yoast_head_json":{"title":"Products - Fernanda Marques","robots":{"index":"index","follow":"follow","max-snippet":"max-snippet:-1","max-image-preview":"max-image-preview:large","max-video-preview":"max-video-preview:-1"},"canonical":"https:\/\/fernandamarques.com.br\/en\/products\/","og_locale":"en_US","og_type":"article","og_title":"Products - Fernanda Marques","og_url":"https:\/\/fernandamarques.com.br\/en\/products\/","og_site_name":"Fernanda Marques","article_modified_time":"2024-02-29T13:31:13+00:00","twitter_card":"summary_large_image","twitter_misc":{"Est. reading time":"1 minute"},"schema":{"@context":"https:\/\/schema.org","@graph":[{"@type":"WebPage","@id":"https:\/\/fernandamarques.com.br\/en\/products\/","url":"https:\/\/fernandamarques.com.br\/en\/products\/","name":"Products - Fernanda Marques","isPartOf":{"@id":"https:\/\/fernandamarques.com.br\/en\/#website"},"datePublished":"2024-01-09T14:01:16+00:00","dateModified":"2024-02-29T13:31:13+00:00","breadcrumb":{"@id":"https:\/\/fernandamarques.com.br\/en\/products\/#breadcrumb"},"inLanguage":"en-US","potentialAction":[{"@type":"ReadAction","target":["https:\/\/fernandamarques.com.br\/en\/products\/"]}]},{"@type":"BreadcrumbList","@id":"https:\/\/fernandamarques.com.br\/en\/products\/#breadcrumb","itemListElement":[{"@type":"ListItem","position":1,"name":"In\u00edcio","item":"https:\/\/fernandamarques.com.br\/en\/"},{"@type":"ListItem","position":2,"name":"Products"}]},{"@type":"WebSite","@id":"https:\/\/fernandamarques.com.br\/en\/#website","url":"https:\/\/fernandamarques.com.br\/en\/","name":"Fernanda Marques","description":"","potentialAction":[{"@type":"SearchAction","target":{"@type":"EntryPoint","urlTemplate":"https:\/\/fernandamarques.com.br\/en\/?s={search_term_string}"},"query-input":{"@type":"PropertyValueSpecification","valueRequired":true,"valueName":"search_term_string"}}],"inLanguage":"en-US"}]}},"_links":{"self":[{"href":"https:\/\/fernandamarques.com.br\/en\/wp-json\/wp\/v2\/pages\/1995","targetHints":{"allow":["GET"]}}],"collection":[{"href":"https:\/\/fernandamarques.com.br\/en\/wp-json\/wp\/v2\/pages"}],"about":[{"href":"https:\/\/fernandamarques.com.br\/en\/wp-json\/wp\/v2\/types\/page"}],"author":[{"embeddable":true,"href":"https:\/\/fernandamarques.com.br\/en\/wp-json\/wp\/v2\/users\/5"}],"replies":[{"embeddable":true,"href":"https:\/\/fernandamarques.com.br\/en\/wp-json\/wp\/v2\/comments?post=1995"}],"version-history":[{"count":0,"href":"https:\/\/fernandamarques.com.br\/en\/wp-json\/wp\/v2\/pages\/1995\/revisions"}],"wp:attachment":[{"href":"https:\/\/fernandamarques.com.br\/en\/wp-json\/wp\/v2\/media?parent=1995"}],"curies":[{"name":"wp","href":"https:\/\/api.w.org\/{rel}","templated":true}]}}