{"id":4242,"date":"2024-06-25T09:55:49","date_gmt":"2024-06-25T12:55:49","guid":{"rendered":"https:\/\/fernandamarques.com.br\/?page_id=4242"},"modified":"2026-04-03T10:09:01","modified_gmt":"2026-04-03T13:09:01","slug":"awards","status":"publish","type":"page","link":"https:\/\/fernandamarques.com.br\/en\/awards\/","title":{"rendered":"Awards"},"content":{"rendered":"<section class=\"l-section wpb_row height_medium\"><div class=\"l-section-h i-cf\"><div class=\"g-cols vc_row via_grid cols_1 laptops-cols_inherit tablets-cols_inherit mobiles-cols_1 valign_top type_default stacking_default\"><div class=\"wpb_column vc_column_container\"><div class=\"vc_column-inner\"><h2 class=\"w-post-elm post_title entry-title color_link_inherit\">Awards<\/h2><div class=\"wpb_text_column\"><div class=\"wpb_wrapper\"><p><span class=\"Y2IQFc\" lang=\"en\">Our company is proud to share the various awards we have received over the years. Each recognition is a testament to our commitment to excellence and quality in everything we do.<\/span><\/p>\n<\/div><\/div><\/div><\/div><\/div><\/div><\/section><section class=\"l-section wpb_row height_medium\"><div class=\"l-section-h i-cf\"><div class=\"g-cols vc_row via_grid cols_3 laptops-cols_inherit tablets-cols_inherit mobiles-cols_1 valign_top type_default stacking_default\"><div class=\"wpb_column vc_column_container\"><div class=\"vc_column-inner\"><div class=\"w-image us_custom_d984a24d has_ratio align_none\"><a href=\"https:\/\/fernandamarques.com.br\/en\/project\/casa-jabuticaba\/\" aria-label=\"Fachada da premiada Casa Jabuticaba com arquitetura contempor\u00e2nea, vencedora do A&#039;Design Award &amp; Competition 2024, Robb Report Brasil e Best Of Year Interior Design 2022, projetada por Fernanda Marques Arquitetura.\" class=\"w-image-h\"><div style=\"padding-bottom:56.25%\"><\/div><img loading=\"lazy\" decoding=\"async\" width=\"1024\" height=\"683\" src=\"https:\/\/fernandamarques.com.br\/wp-content\/uploads\/2023\/10\/casa-jabuticaba-capa-1024x683.jpg\" class=\"attachment-large size-large\" alt=\"Fachada da premiada Casa Jabuticaba com arquitetura contempor\u00e2nea, vencedora do A&#039;Design Award &amp; Competition 2024, Robb Report Brasil e Best Of Year Interior Design 2022, projetada por Fernanda Marques Arquitetura.\" loading=\"lazy\" \/><\/a><\/div><div class=\"w-image us_custom_c7c9cbc7 us_animate_this has_ratio align_right\"><a href=\"https:\/\/fernandamarques.com.br\/en\/project\/casa-jabuticaba\/\" aria-label=\"Fachada da premiada Casa Jabuticaba com arquitetura contempor\u00e2nea, vencedora do A&#039;Design Award &amp; Competition 2024, Robb Report Brasil e Best Of Year Interior Design 2022, projetada por Fernanda Marques Arquitetura.\" class=\"w-image-h\"><div style=\"padding-bottom:54.5455%\"><\/div><img loading=\"lazy\" decoding=\"async\" width=\"290\" height=\"158\" src=\"https:\/\/fernandamarques.com.br\/wp-content\/uploads\/2025\/02\/premios-casa-jabuticaba-2024.jpg\" class=\"attachment-large size-large\" alt=\"Fachada da premiada Casa Jabuticaba com arquitetura contempor\u00e2nea, vencedora do A&#039;Design Award &amp; Competition 2024, Robb Report Brasil e Best Of Year Interior Design 2022, projetada por Fernanda Marques Arquitetura.\" loading=\"lazy\" \/><\/a><\/div><div class=\"wpb_text_column us_custom_f296ee94 has_text_color\"><div class=\"wpb_wrapper\"><p style=\"text-align: left;\"><a href=\"https:\/\/fernandamarques.com.br\/en\/project\/casa-jabuticaba\/\"><strong><span style=\"font-size: 14pt;\">Casa Jabuticaba<\/span><\/strong><\/a><\/p>\n<\/div><\/div><\/div><\/div><div class=\"wpb_column vc_column_container\"><div class=\"vc_column-inner\"><div class=\"w-image us_custom_d984a24d has_ratio align_none\"><a href=\"https:\/\/fernandamarques.com.br\/en\/project\/skyline\/\" aria-label=\"\u00c1rea de lazer de luxo do premiado projeto residencial Skyline, vencedor do Built Design Awards 2024 na categoria de Arquitetura Residencial, assinado pelo escrit\u00f3rio Fernanda Marques.\" class=\"w-image-h\"><div style=\"padding-bottom:56.25%\"><\/div><img loading=\"lazy\" decoding=\"async\" width=\"935\" height=\"1024\" src=\"https:\/\/fernandamarques.com.br\/wp-content\/uploads\/2025\/01\/projeto-residencial-skyline-piscina-5.jpg\" class=\"attachment-large size-large\" alt=\"\u00c1rea de lazer de luxo do premiado projeto residencial Skyline, vencedor do Built Design Awards 2024 na categoria de Arquitetura Residencial, assinado pelo escrit\u00f3rio Fernanda Marques.\" loading=\"lazy\" \/><\/a><\/div><div class=\"w-image us_custom_8541c504 us_animate_this has_ratio align_right\"><a href=\"https:\/\/fernandamarques.com.br\/en\/project\/skyline\/\" aria-label=\"premio-skyline-build-awards-2024\" class=\"w-image-h\"><div style=\"padding-bottom:66.6667%\"><\/div><img loading=\"lazy\" decoding=\"async\" width=\"600\" height=\"400\" src=\"https:\/\/fernandamarques.com.br\/wp-content\/uploads\/2025\/02\/premio-skyline-build-awards-2024.jpg\" class=\"attachment-large size-large\" alt=\"\" loading=\"lazy\" \/><\/a><\/div><div class=\"wpb_text_column us_custom_6a359984 has_text_color\"><div class=\"wpb_wrapper\"><p style=\"text-align: left;\"><a href=\"https:\/\/fernandamarques.com.br\/en\/project\/skyline\/\"><strong><span style=\"font-size: 14pt;\">Skyline<\/span><\/strong><\/a><\/p>\n<\/div><\/div><\/div><\/div><div class=\"wpb_column vc_column_container\"><div class=\"vc_column-inner\"><div class=\"w-image has_ratio align_none\"><a href=\"https:\/\/fernandamarques.com.br\/en\/project\/kintsugi\/\" aria-label=\"Sala de estar de luxo do premiado apartamento residencial Kintsugi, projeto de Fernanda Marques vencedor do Design Award 2024, com marcenaria em madeira e decora\u00e7\u00e3o sofisticada.\" class=\"w-image-h\"><div style=\"padding-bottom:56.25%\"><\/div><img loading=\"lazy\" decoding=\"async\" width=\"1024\" height=\"572\" src=\"https:\/\/fernandamarques.com.br\/wp-content\/uploads\/2024\/05\/kintsugi-sala-estar-6-1024x572.jpg\" class=\"attachment-large size-large\" alt=\"Sala de estar de luxo do premiado apartamento residencial Kintsugi, projeto de Fernanda Marques vencedor do Design Award 2024, com marcenaria em madeira e decora\u00e7\u00e3o sofisticada.\" loading=\"lazy\" \/><\/a><\/div><div class=\"w-image us_custom_fa78271b us_animate_this has_ratio align_right\"><a href=\"https:\/\/fernandamarques.com.br\/en\/project\/kintsugi\/\" aria-label=\"iF_DesignAward2024_black_l_CMYK\" class=\"w-image-h\"><div style=\"padding-bottom:50%\"><\/div><img loading=\"lazy\" decoding=\"async\" width=\"1024\" height=\"524\" src=\"https:\/\/fernandamarques.com.br\/wp-content\/uploads\/2024\/05\/premioifdesign2024-kintsugi-1024x524.jpg\" class=\"attachment-large size-large\" alt=\"\" loading=\"lazy\" \/><\/a><\/div><div class=\"wpb_text_column us_custom_0a692ccf has_text_color\"><div class=\"wpb_wrapper\"><p style=\"text-align: left;\"><a href=\"https:\/\/fernandamarques.com.br\/en\/project\/kintsugi\/\"><strong><span style=\"font-size: 14pt;\">Kintsugi<\/span><\/strong><\/a><\/p>\n<\/div><\/div><\/div><\/div><\/div><\/div><\/section><section class=\"l-section wpb_row height_medium\"><div class=\"l-section-h i-cf\"><div class=\"g-cols vc_row via_grid cols_3 laptops-cols_inherit tablets-cols_inherit mobiles-cols_1 valign_top type_default stacking_default\"><div class=\"wpb_column vc_column_container\"><div class=\"vc_column-inner\"><div class=\"w-image us_custom_d984a24d has_ratio align_none\"><a href=\"https:\/\/fernandamarques.com.br\/en\/project\/chaise-fly\/\" aria-label=\"Vista da Chaise Fly, pe\u00e7a de mobili\u00e1rio contempor\u00e2neo com linhas org\u00e2nicas projetada por Fernanda Marques, reconhecida com o pr\u00eamio European Product Design Award 2024 por sua inova\u00e7\u00e3o e est\u00e9tica.\" class=\"w-image-h\"><div style=\"padding-bottom:56.25%\"><\/div><img loading=\"lazy\" decoding=\"async\" width=\"1024\" height=\"702\" src=\"https:\/\/fernandamarques.com.br\/wp-content\/uploads\/2025\/02\/chaise-fly-fernanda-marques-premio-european-1024x702.jpg\" class=\"attachment-large size-large\" alt=\"Vista da Chaise Fly, pe\u00e7a de mobili\u00e1rio contempor\u00e2neo com linhas org\u00e2nicas projetada por Fernanda Marques, reconhecida com o pr\u00eamio European Product Design Award 2024 por sua inova\u00e7\u00e3o e est\u00e9tica.\" loading=\"lazy\" \/><\/a><\/div><div class=\"w-image us_custom_48c6bacf us_animate_this has_ratio align_right\"><a href=\"https:\/\/fernandamarques.com.br\/en\/project\/chaise-fly\/\" aria-label=\"european-design-award\" class=\"w-image-h\"><div style=\"padding-bottom:75%\"><\/div><img loading=\"lazy\" decoding=\"async\" width=\"580\" height=\"505\" src=\"https:\/\/fernandamarques.com.br\/wp-content\/uploads\/2025\/02\/european-design-award.png\" class=\"attachment-large size-large\" alt=\"\" loading=\"lazy\" \/><\/a><\/div><div class=\"wpb_text_column us_custom_d7fff54a has_text_color\"><div class=\"wpb_wrapper\"><p style=\"text-align: left;\"><a href=\"https:\/\/fernandamarques.com.br\/en\/project\/casa-jabuticaba\/\"><strong><span style=\"font-size: 14pt;\">Chaise Fly<\/span><\/strong><\/a><\/p>\n<\/div><\/div><\/div><\/div><div class=\"wpb_column vc_column_container\"><div class=\"vc_column-inner\"><div class=\"w-image us_custom_d984a24d has_ratio align_none\"><a href=\"https:\/\/fernandamarques.com.br\/en\/project\/vista\/\" aria-label=\"Sala de estar de luxo do premiado apartamento residencial Vista, projeto de Fernanda Marques vencedor do Design Award 2023, com mobili\u00e1rio contempor\u00e2neo, marcenaria em madeira e ilumina\u00e7\u00e3o embutida.\" class=\"w-image-h\"><div style=\"padding-bottom:56.25%\"><\/div><img loading=\"lazy\" decoding=\"async\" width=\"768\" height=\"1024\" src=\"https:\/\/fernandamarques.com.br\/wp-content\/uploads\/2023\/10\/vista-3-768x1024.jpg\" class=\"attachment-large size-large\" alt=\"Sala de estar de luxo do premiado apartamento residencial Vista, projeto de Fernanda Marques vencedor do Design Award 2023, com mobili\u00e1rio contempor\u00e2neo, marcenaria em madeira e ilumina\u00e7\u00e3o embutida.\" loading=\"lazy\" \/><\/a><\/div><div class=\"w-image us_custom_fa78271b us_animate_this has_ratio align_right\"><a href=\"https:\/\/fernandamarques.com.br\/en\/project\/vista\/\" aria-label=\"iF_DesignAward2023_red_l_RGB\" class=\"w-image-h\"><div style=\"padding-bottom:50%\"><\/div><img loading=\"lazy\" decoding=\"async\" width=\"400\" height=\"205\" src=\"https:\/\/fernandamarques.com.br\/wp-content\/uploads\/2023\/10\/iF_DesignAward2023_red_l_RGB.webp\" class=\"attachment-large size-large\" alt=\"\" loading=\"lazy\" \/><\/a><\/div><div class=\"wpb_text_column us_custom_0a692ccf has_text_color\"><div class=\"wpb_wrapper\"><p style=\"text-align: left;\"><a href=\"https:\/\/fernandamarques.com.br\/en\/project\/vista\/\"><strong><span style=\"font-size: 14pt;\">Vista<\/span><\/strong><\/a><\/p>\n<\/div><\/div><\/div><\/div><div class=\"wpb_column vc_column_container\"><div class=\"vc_column-inner\"><div class=\"w-image has_ratio align_none\"><a href=\"https:\/\/fernandamarques.com.br\/en\/project\/brazilian-financial-center-bfc\/\" aria-label=\"Design contempor\u00e2neo no lobby do Brazilian Financial Center com esculturas de luz pendentes em LED, revestimento em m\u00e1rmore e jardins verticais, projeto vencedor no Best of Year 2022 por Fernanda Marques.\" class=\"w-image-h\"><div style=\"padding-bottom:56.25%\"><\/div><img loading=\"lazy\" decoding=\"async\" width=\"614\" height=\"614\" src=\"https:\/\/fernandamarques.com.br\/wp-content\/uploads\/2023\/10\/Brazilian-Financial-Center-BFC-e1708109378787.jpg\" class=\"attachment-large size-large\" alt=\"Design contempor\u00e2neo no lobby do Brazilian Financial Center com esculturas de luz pendentes em LED, revestimento em m\u00e1rmore e jardins verticais, projeto vencedor no Best of Year 2022 por Fernanda Marques.\" loading=\"lazy\" \/><\/a><\/div><div class=\"w-image us_custom_aaef0260 us_animate_this has_ratio align_right\"><a href=\"https:\/\/fernandamarques.com.br\/en\/project\/brazilian-financial-center-bfc\/\" aria-label=\"premio-financial-center\" class=\"w-image-h\"><div style=\"padding-bottom:133.3333%\"><\/div><img loading=\"lazy\" decoding=\"async\" width=\"250\" height=\"350\" src=\"https:\/\/fernandamarques.com.br\/wp-content\/uploads\/2024\/10\/premio-financial-center.jpg\" class=\"attachment-large size-large\" alt=\"\" loading=\"lazy\" \/><\/a><\/div><div class=\"wpb_text_column us_custom_aa8cf312 has_text_color\"><div class=\"wpb_wrapper\"><p style=\"text-align: left;\"><a href=\"https:\/\/fernandamarques.com.br\/en\/project\/brazilian-financial-center-bfc\/\"><strong><span style=\"font-size: 14pt;\">Brazilian Financial Center<\/span><\/strong><\/a><\/p>\n<\/div><\/div><\/div><\/div><\/div><\/div><\/section><section class=\"l-section wpb_row height_medium\"><div class=\"l-section-h i-cf\"><div class=\"g-cols vc_row via_grid cols_3 laptops-cols_inherit tablets-cols_inherit mobiles-cols_1 valign_top type_default stacking_default\"><div class=\"wpb_column vc_column_container\"><div class=\"vc_column-inner\"><div class=\"w-image us_custom_d984a24d has_ratio align_none\"><a href=\"https:\/\/fernandamarques.com.br\/en\/project\/bucareste\/\" aria-label=\"Projeto Casa Bucareste por Fernanda Marques Arquitetura, vencedor do prestigiado pr\u00eamio Built Design Awards 2021 na categoria arquitetura residencial de luxo, com design biof\u00edlico e integra\u00e7\u00e3o interior-exterior.\" class=\"w-image-h\"><div style=\"padding-bottom:56.25%\"><\/div><img loading=\"lazy\" decoding=\"async\" width=\"1024\" height=\"683\" src=\"https:\/\/fernandamarques.com.br\/wp-content\/uploads\/2023\/10\/bucareste-6-1024x683.jpg\" class=\"attachment-large size-large\" alt=\"Projeto Casa Bucareste por Fernanda Marques Arquitetura, vencedor do prestigiado pr\u00eamio Built Design Awards 2021 na categoria arquitetura residencial de luxo, com design biof\u00edlico e integra\u00e7\u00e3o interior-exterior.\" loading=\"lazy\" \/><\/a><\/div><div class=\"w-image us_custom_8541c504 us_animate_this has_ratio align_right\"><a href=\"https:\/\/fernandamarques.com.br\/en\/project\/bucareste\/\" aria-label=\"built-design-awards-winner-2021\" class=\"w-image-h\"><div style=\"padding-bottom:66.6667%\"><\/div><img loading=\"lazy\" decoding=\"async\" width=\"600\" height=\"400\" src=\"https:\/\/fernandamarques.com.br\/wp-content\/uploads\/2024\/07\/built-design-awards-winner-2021.jpg\" class=\"attachment-large size-large\" alt=\"\" loading=\"lazy\" \/><\/a><\/div><div class=\"wpb_text_column us_custom_f296ee94 has_text_color\"><div class=\"wpb_wrapper\"><p style=\"text-align: left;\"><a href=\"https:\/\/fernandamarques.com.br\/en\/project\/bucareste\/\"><strong><span style=\"font-size: 14pt;\">Bucareste<\/span><\/strong><\/a><\/p>\n<\/div><\/div><\/div><\/div><div class=\"wpb_column vc_column_container\"><div class=\"vc_column-inner\"><div class=\"w-image has_ratio align_none\"><a href=\"https:\/\/fernandamarques.com.br\/en\/project\/panorama\/\" aria-label=\"Vista panor\u00e2mica da sala de estar do apartamento residencial premiado com o International Architecture Award 2020, demonstrando a sofistica\u00e7\u00e3o e inova\u00e7\u00e3o do escrit\u00f3rio de Fernanda Marques.\" class=\"w-image-h\"><div style=\"padding-bottom:56.25%\"><\/div><img loading=\"lazy\" decoding=\"async\" width=\"683\" height=\"1024\" src=\"https:\/\/fernandamarques.com.br\/wp-content\/uploads\/2023\/10\/panorama-5-683x1024.jpg\" class=\"attachment-large size-large\" alt=\"Vista panor\u00e2mica da sala de estar do apartamento residencial premiado com o International Architecture Award 2020, demonstrando a sofistica\u00e7\u00e3o e inova\u00e7\u00e3o do escrit\u00f3rio de Fernanda Marques.\" loading=\"lazy\" \/><\/a><\/div><div class=\"w-image us_custom_62392bdb us_animate_this has_ratio align_right\"><a href=\"https:\/\/fernandamarques.com.br\/en\/project\/panorama\/\" aria-label=\"premio-internacional-architecture-2020\" class=\"w-image-h\"><div style=\"padding-bottom:133.3333%\"><\/div><img loading=\"lazy\" decoding=\"async\" width=\"300\" height=\"300\" src=\"https:\/\/fernandamarques.com.br\/wp-content\/uploads\/2024\/09\/premio-internacional-architecture-2020-3.jpg\" class=\"attachment-large size-large\" alt=\"\" loading=\"lazy\" \/><\/a><\/div><div class=\"wpb_text_column us_custom_17469fdc has_text_color\"><div class=\"wpb_wrapper\"><p style=\"text-align: left;\"><a href=\"https:\/\/fernandamarques.com.br\/en\/project\/panorama\/\"><strong><span style=\"font-size: 14pt;\">Panorama<\/span><\/strong><\/a><\/p>\n<\/div><\/div><\/div><\/div><div class=\"wpb_column vc_column_container\"><div class=\"vc_column-inner\"><div class=\"w-image has_ratio align_none\"><a href=\"https:\/\/fernandamarques.com.br\/en\/project\/cuba-infinity-para-roca\/\" aria-label=\"Cuba Infinity da Roca, design assinado por Fernanda Marques Arquitetura, vencedora do pr\u00eamio Best in Show da Expo Revestir 2019, exposta em um stand contempor\u00e2neo.\" class=\"w-image-h\"><div style=\"padding-bottom:56.25%\"><\/div><img loading=\"lazy\" decoding=\"async\" width=\"1024\" height=\"577\" src=\"https:\/\/fernandamarques.com.br\/wp-content\/uploads\/2023\/11\/cuba-infinity-1-1024x577.jpg\" class=\"attachment-large size-large\" alt=\"Cuba Infinity da Roca, design assinado por Fernanda Marques Arquitetura, vencedora do pr\u00eamio Best in Show da Expo Revestir 2019, exposta em um stand contempor\u00e2neo.\" loading=\"lazy\" \/><\/a><\/div><div class=\"w-image us_custom_62392bdb us_animate_this has_ratio align_right\"><a href=\"https:\/\/fernandamarques.com.br\/en\/project\/cuba-infinity-para-roca\/\" aria-label=\"premios-cuba-infinity\" class=\"w-image-h\"><div style=\"padding-bottom:133.3333%\"><\/div><img loading=\"lazy\" decoding=\"async\" width=\"400\" height=\"400\" src=\"https:\/\/fernandamarques.com.br\/wp-content\/uploads\/2024\/09\/premios-cuba-infinity.jpg\" class=\"attachment-large size-large\" alt=\"\" loading=\"lazy\" \/><\/a><\/div><div class=\"wpb_text_column us_custom_17469fdc has_text_color\"><div class=\"wpb_wrapper\"><p style=\"text-align: left;\"><a href=\"https:\/\/fernandamarques.com.br\/en\/project\/cuba-infinity-para-roca\/\"><strong><span style=\"font-size: 14pt;\">Cuba Infinity para Roca<\/span><\/strong><\/a><\/p>\n<\/div><\/div><\/div><\/div><\/div><\/div><\/section><section class=\"l-section wpb_row height_medium\"><div class=\"l-section-h i-cf\"><div class=\"g-cols vc_row via_grid cols_3 laptops-cols_inherit tablets-cols_inherit mobiles-cols_1 valign_top type_default stacking_default\"><div class=\"wpb_column vc_column_container\"><div class=\"vc_column-inner\"><div class=\"w-image us_custom_d984a24d has_ratio align_none\"><a href=\"https:\/\/fernandamarques.com.br\/en\/project\/eretz\/\" aria-label=\"Vista ampla da sala de estar do projeto Eretz, apartamento residencial premiado com o Design Award 2018, destacando a integra\u00e7\u00e3o de ambientes, uso de materiais nobres e a assinatura de Fernanda Marques Arquitetura.\" class=\"w-image-h\"><div style=\"padding-bottom:56.25%\"><\/div><img loading=\"lazy\" decoding=\"async\" width=\"1024\" height=\"1024\" src=\"https:\/\/fernandamarques.com.br\/wp-content\/uploads\/2023\/10\/eretz-2-1024x1024.jpg\" class=\"attachment-large size-large\" alt=\"Vista ampla da sala de estar do projeto Eretz, apartamento residencial premiado com o Design Award 2018, destacando a integra\u00e7\u00e3o de ambientes, uso de materiais nobres e a assinatura de Fernanda Marques Arquitetura.\" loading=\"lazy\" \/><\/a><\/div><div class=\"w-image us_custom_fa78271b us_animate_this has_ratio align_right\"><a href=\"https:\/\/fernandamarques.com.br\/en\/project\/eretz\/\" aria-label=\"premio-design-award-2018-eretz\" class=\"w-image-h\"><div style=\"padding-bottom:50%\"><\/div><img loading=\"lazy\" decoding=\"async\" width=\"1024\" height=\"524\" src=\"https:\/\/fernandamarques.com.br\/wp-content\/uploads\/2024\/09\/premio-design-award-2018-eretz-1024x524.jpg\" class=\"attachment-large size-large\" alt=\"\" loading=\"lazy\" \/><\/a><\/div><div class=\"wpb_text_column us_custom_0a692ccf has_text_color\"><div class=\"wpb_wrapper\"><p style=\"text-align: left;\"><a href=\"https:\/\/fernandamarques.com.br\/en\/project\/eretz\/\"><strong><span style=\"font-size: 14pt;\">Eretz<\/span><\/strong><\/a><\/p>\n<\/div><\/div><\/div><\/div><div class=\"wpb_column vc_column_container\"><div class=\"vc_column-inner\"><div class=\"w-image has_ratio align_none\"><a href=\"https:\/\/fernandamarques.com.br\/en\/project\/tavarua\/\" aria-label=\"Vista ampla do espa\u00e7o gourmet e living integrados no projeto Tavarua, apartamento duplex premiado com o Americas Property Awards 2017-2018, destacando a funcionalidade, o uso de materiais nobres e a assinatura de Fernanda Marques Arquitetura.\" class=\"w-image-h\"><div style=\"padding-bottom:56.25%\"><\/div><img loading=\"lazy\" decoding=\"async\" width=\"897\" height=\"1024\" src=\"https:\/\/fernandamarques.com.br\/wp-content\/uploads\/2023\/10\/tavarua-1-897x1024.jpg\" class=\"attachment-large size-large\" alt=\"Vista ampla do espa\u00e7o gourmet e living integrados no projeto Tavarua, apartamento duplex premiado com o Americas Property Awards 2017-2018, destacando a funcionalidade, o uso de materiais nobres e a assinatura de Fernanda Marques Arquitetura.\" loading=\"lazy\" \/><\/a><\/div><div class=\"w-image us_custom_fa78271b us_animate_this has_ratio align_right\"><a href=\"https:\/\/fernandamarques.com.br\/en\/project\/tavarua\/\" aria-label=\"premio-americas-property-2017-2018\" class=\"w-image-h\"><div style=\"padding-bottom:56.25%\"><\/div><img loading=\"lazy\" decoding=\"async\" width=\"214\" height=\"124\" src=\"https:\/\/fernandamarques.com.br\/wp-content\/uploads\/2024\/09\/premio-americas-property-2017-2018.jpg\" class=\"attachment-large size-large\" alt=\"\" loading=\"lazy\" \/><\/a><\/div><div class=\"wpb_text_column us_custom_4f5c825a has_text_color\"><div class=\"wpb_wrapper\"><p style=\"text-align: left;\"><a href=\"https:\/\/fernandamarques.com.br\/en\/project\/tavarua\/\"><strong><span style=\"font-size: 14pt;\">Tavarua<\/span><\/strong><\/a><\/p>\n<\/div><\/div><\/div><\/div><div class=\"wpb_column vc_column_container\"><div class=\"vc_column-inner\"><div class=\"w-image has_ratio align_none\"><a href=\"https:\/\/fernandamarques.com.br\/en\/project\/fazenda-boa-vista\/\" aria-label=\"Fachada da premiada Casa Fazenda Boa Vista, projeto de Fernanda Marques vencedor do A&#039;Design Award Bronze 2016 e do World Architecture Community Awards, com arquitetura contempor\u00e2nea e paisagismo integrado.\" class=\"w-image-h\"><div style=\"padding-bottom:56.25%\"><\/div><img loading=\"lazy\" decoding=\"async\" width=\"768\" height=\"478\" src=\"https:\/\/fernandamarques.com.br\/wp-content\/uploads\/2024\/05\/projetos-de-estrutura-metalica-fazenda-boa-vista.jpg\" class=\"attachment-large size-large\" alt=\"Projetos de Estrutura Met\u00e1lica - Fazenda Boa Vista\" loading=\"lazy\" \/><\/a><\/div><div class=\"w-image us_custom_fa78271b us_animate_this has_ratio align_right\"><a href=\"https:\/\/fernandamarques.com.br\/en\/project\/fazenda-boa-vista\/\" aria-label=\"premios-fazenda-boa-vista\" class=\"w-image-h\"><div style=\"padding-bottom:50%\"><\/div><img loading=\"lazy\" decoding=\"async\" width=\"214\" height=\"124\" src=\"https:\/\/fernandamarques.com.br\/wp-content\/uploads\/2024\/09\/premios-fazenda-boa-vista.jpg\" class=\"attachment-large size-large\" alt=\"\" loading=\"lazy\" \/><\/a><\/div><div class=\"wpb_text_column us_custom_92ca5bdf has_text_color\"><div class=\"wpb_wrapper\"><p style=\"text-align: left;\"><a href=\"https:\/\/fernandamarques.com.br\/en\/project\/fazenda-boa-vista\/\"><strong><span style=\"font-size: 14pt;\">Fazenda Boa Vista<\/span><\/strong><\/a><\/p>\n<\/div><\/div><\/div><\/div><\/div><\/div><\/section><section class=\"l-section wpb_row height_medium\"><div class=\"l-section-h i-cf\"><div class=\"g-cols vc_row via_grid cols_3 laptops-cols_inherit tablets-cols_inherit mobiles-cols_1 valign_top type_default stacking_default\"><div class=\"wpb_column vc_column_container\"><div class=\"vc_column-inner\"><div class=\"w-image us_custom_d984a24d has_ratio align_none\"><a href=\"https:\/\/fernandamarques.com.br\/en\/project\/london-penthouse-en\/\" aria-label=\"Vista interna da premiada Penthouse London, projeto de Fernanda Marques reconhecido com o A&#039;Design Award Gold 2016 por sua excel\u00eancia em arquitetura de interiores e sofistica\u00e7\u00e3o urbana.\" class=\"w-image-h\"><div style=\"padding-bottom:56.25%\"><\/div><img loading=\"lazy\" decoding=\"async\" width=\"768\" height=\"770\" src=\"https:\/\/fernandamarques.com.br\/wp-content\/uploads\/2023\/10\/London-Penthouse.jpg\" class=\"attachment-large size-large\" alt=\"Vista interna da premiada Penthouse London, projeto de Fernanda Marques reconhecido com o A&#039;Design Award Gold 2016 por sua excel\u00eancia em arquitetura de interiores e sofistica\u00e7\u00e3o urbana.\" loading=\"lazy\" \/><\/a><\/div><div class=\"w-image us_custom_260debb2 us_animate_this has_ratio align_right\"><a href=\"https:\/\/fernandamarques.com.br\/en\/project\/london-penthouse-en\/\" aria-label=\"logo-premio-award-design-2016\" class=\"w-image-h\"><div style=\"padding-bottom:161.5385%\"><\/div><img loading=\"lazy\" decoding=\"async\" width=\"150\" height=\"244\" src=\"https:\/\/fernandamarques.com.br\/wp-content\/uploads\/2023\/11\/logo-premio-award-design-2016.jpg\" class=\"attachment-large size-large\" alt=\"\" loading=\"lazy\" \/><\/a><\/div><div class=\"wpb_text_column us_custom_771a2a97 has_text_color\"><div class=\"wpb_wrapper\"><p style=\"text-align: left;\"><a href=\"https:\/\/fernandamarques.com.br\/en\/project\/london-penthouse-en\/\"><strong><span style=\"font-size: 14pt;\">London Penthouse<\/span><\/strong><\/a><\/p>\n<\/div><\/div><\/div><\/div><div class=\"wpb_column vc_column_container\"><div class=\"vc_column-inner\"><div class=\"w-image has_ratio align_none\"><a href=\"https:\/\/fernandamarques.com.br\/en\/project\/linha-fernanda-marques-para-grifith\/\" aria-label=\"Pulseira com linhas fluidas e contempor\u00e2neas desenhada por Fernanda Marques para a Grifith, reconhecida com Men\u00e7\u00e3o Honrosa no IDA Design Awards 2016 por sua inova\u00e7\u00e3o e est\u00e9tica.\" class=\"w-image-h\"><div style=\"padding-bottom:56.25%\"><\/div><img loading=\"lazy\" decoding=\"async\" width=\"768\" height=\"512\" src=\"https:\/\/fernandamarques.com.br\/wp-content\/uploads\/2023\/11\/linha-fernanda-marques-para-grifith.jpg\" class=\"attachment-large size-large\" alt=\"Pulseira com linhas fluidas e contempor\u00e2neas desenhada por Fernanda Marques para a Grifith, reconhecida com Men\u00e7\u00e3o Honrosa no IDA Design Awards 2016 por sua inova\u00e7\u00e3o e est\u00e9tica.\" loading=\"lazy\" \/><\/a><\/div><div class=\"w-image us_custom_f413bb63 us_animate_this has_ratio align_right\"><a href=\"https:\/\/fernandamarques.com.br\/en\/project\/linha-fernanda-marques-para-grifith\/\" aria-label=\"logo-premio-ida-design 1\" class=\"w-image-h\"><div style=\"padding-bottom:100%\"><\/div><img loading=\"lazy\" decoding=\"async\" width=\"800\" height=\"734\" src=\"https:\/\/fernandamarques.com.br\/wp-content\/uploads\/2023\/11\/logo-premio-ida-design-1.jpg\" class=\"attachment-large size-large\" alt=\"\" loading=\"lazy\" \/><\/a><\/div><div class=\"wpb_text_column us_custom_cad04659 has_text_color\"><div class=\"wpb_wrapper\"><p style=\"text-align: left;\"><a href=\"https:\/\/fernandamarques.com.br\/en\/project\/linha-fernanda-marques-para-grifith\/\"><strong><span style=\"font-size: 14pt;\">Linha Fernanda Marques para Grifith<\/span><\/strong><\/a><\/p>\n<\/div><\/div><\/div><\/div><div class=\"wpb_column vc_column_container\"><div class=\"vc_column-inner\"><div class=\"w-image has_ratio align_none\"><a href=\"https:\/\/fernandamarques.com.br\/en\/project\/linha-pixel-para-solarium\/\" aria-label=\"Vista da parede tridimensional Synapsis em concreto da Solarium, projeto premiado de Fernanda Marques com o A&#039;Design Award Gold 2016, demonstrando a versatilidade e a est\u00e9tica contempor\u00e2nea do escrit\u00f3rio.\" class=\"w-image-h\"><div style=\"padding-bottom:56.25%\"><\/div><img loading=\"lazy\" decoding=\"async\" width=\"683\" height=\"1024\" src=\"https:\/\/fernandamarques.com.br\/wp-content\/uploads\/2023\/11\/linha-synapsis-3-683x1024.jpg\" class=\"attachment-large size-large\" alt=\"Vista da parede tridimensional Synapsis em concreto da Solarium, projeto premiado de Fernanda Marques com o A&#039;Design Award Gold 2016, demonstrando a versatilidade e a est\u00e9tica contempor\u00e2nea do escrit\u00f3rio.\" loading=\"lazy\" \/><\/a><\/div><div class=\"w-image us_custom_260debb2 us_animate_this has_ratio align_right\"><a href=\"https:\/\/fernandamarques.com.br\/en\/project\/linha-pixel-para-solarium\/\" aria-label=\"logo-premio-award-design-2016\" class=\"w-image-h\"><div style=\"padding-bottom:169.2308%\"><\/div><img loading=\"lazy\" decoding=\"async\" width=\"150\" height=\"244\" src=\"https:\/\/fernandamarques.com.br\/wp-content\/uploads\/2023\/11\/logo-premio-award-design-2016.jpg\" class=\"attachment-large size-large\" alt=\"\" loading=\"lazy\" \/><\/a><\/div><div class=\"wpb_text_column us_custom_fd1b6df7 has_text_color\"><div class=\"wpb_wrapper\"><p style=\"text-align: left;\"><a href=\"https:\/\/fernandamarques.com.br\/en\/project\/linha-pixel-para-solarium\/\"><strong><span style=\"font-size: 14pt;\">Linha Synapsis para Solarium<\/span><\/strong><\/a><\/p>\n<\/div><\/div><\/div><\/div><\/div><\/div><\/section><section class=\"l-section wpb_row height_medium\"><div class=\"l-section-h i-cf\"><div class=\"g-cols vc_row via_grid cols_3 laptops-cols_inherit tablets-cols_inherit mobiles-cols_1 valign_top type_default stacking_default\"><div class=\"wpb_column vc_column_container\"><div class=\"vc_column-inner\"><div class=\"w-image has_ratio align_none\"><a href=\"https:\/\/fernandamarques.com.br\/en\/project\/john-john\/\" aria-label=\"john-6\" class=\"w-image-h\"><div style=\"padding-bottom:56.25%\"><\/div><img loading=\"lazy\" decoding=\"async\" width=\"1024\" height=\"674\" src=\"https:\/\/fernandamarques.com.br\/wp-content\/uploads\/2023\/11\/john-6-1024x674.jpg\" class=\"attachment-large size-large\" alt=\"\" loading=\"lazy\" \/><\/a><\/div><div class=\"w-image us_custom_fa78271b us_animate_this has_ratio align_right\"><a href=\"https:\/\/fernandamarques.com.br\/en\/project\/john-john\/\" aria-label=\"premios-john-john\" class=\"w-image-h\"><div style=\"padding-bottom:60%\"><\/div><img loading=\"lazy\" decoding=\"async\" width=\"400\" height=\"250\" src=\"https:\/\/fernandamarques.com.br\/wp-content\/uploads\/2024\/09\/premios-john-john.jpg\" class=\"attachment-large size-large\" alt=\"\" loading=\"lazy\" \/><\/a><\/div><div class=\"wpb_text_column us_custom_d7fff54a has_text_color\"><div class=\"wpb_wrapper\"><p style=\"text-align: left;\"><a href=\"https:\/\/fernandamarques.com.br\/en\/project\/john-john\/\"><strong><span style=\"font-size: 14pt;\">John John<\/span><\/strong><\/a><\/p>\n<\/div><\/div><\/div><\/div><div class=\"wpb_column vc_column_container\"><div class=\"vc_column-inner\"><div class=\"w-image has_ratio align_none\"><a href=\"https:\/\/fernandamarques.com.br\/en\/project\/limantos\/\" aria-label=\"limantos-8\" class=\"w-image-h\"><div style=\"padding-bottom:56.25%\"><\/div><img loading=\"lazy\" decoding=\"async\" width=\"881\" height=\"1024\" src=\"https:\/\/fernandamarques.com.br\/wp-content\/uploads\/2023\/10\/limantos-8-881x1024.jpg\" class=\"attachment-large size-large\" alt=\"\" loading=\"lazy\" \/><\/a><\/div><div class=\"w-image us_custom_260debb2 us_animate_this has_ratio align_right\"><a href=\"https:\/\/fernandamarques.com.br\/en\/project\/limantos\/\" aria-label=\"premio-limantos-2013\" class=\"w-image-h\"><div style=\"padding-bottom:161.5385%\"><\/div><img loading=\"lazy\" decoding=\"async\" width=\"250\" height=\"350\" src=\"https:\/\/fernandamarques.com.br\/wp-content\/uploads\/2024\/09\/premio-limantos-2013.jpg\" class=\"attachment-large size-large\" alt=\"\" loading=\"lazy\" \/><\/a><\/div><div class=\"wpb_text_column us_custom_771a2a97 has_text_color\"><div class=\"wpb_wrapper\"><p style=\"text-align: left;\"><a href=\"https:\/\/fernandamarques.com.br\/en\/project\/limantos\/\"><strong><span style=\"font-size: 14pt;\">Limantos<\/span><\/strong><\/a><\/p>\n<\/div><\/div><\/div><\/div><div class=\"wpb_column vc_column_container\"><div class=\"vc_column-inner\"><div class=\"w-image has_ratio align_none\"><a href=\"https:\/\/fernandamarques.com.br\/en\/project\/boa-mesa-2009\/\" aria-label=\"boa-mesa-2009-3\" class=\"w-image-h\"><div style=\"padding-bottom:56.25%\"><\/div><img loading=\"lazy\" decoding=\"async\" width=\"683\" height=\"1024\" src=\"https:\/\/fernandamarques.com.br\/wp-content\/uploads\/2023\/11\/boa-mesa-2009-3-683x1024.jpg\" class=\"attachment-large size-large\" alt=\"\" loading=\"lazy\" \/><\/a><\/div><div class=\"w-image us_custom_260debb2 us_animate_this has_ratio align_right\"><a href=\"https:\/\/fernandamarques.com.br\/en\/project\/boa-mesa-2009\/\" aria-label=\"a-design-award-winner-2013-gold\" class=\"w-image-h\"><div style=\"padding-bottom:169.2308%\"><\/div><img loading=\"lazy\" decoding=\"async\" width=\"300\" height=\"480\" src=\"https:\/\/fernandamarques.com.br\/wp-content\/uploads\/2023\/11\/a-design-award-winner-2013-gold-e1719338074649.jpg\" class=\"attachment-large size-large\" alt=\"\" loading=\"lazy\" \/><\/a><\/div><div class=\"wpb_text_column us_custom_771a2a97 has_text_color\"><div class=\"wpb_wrapper\"><p style=\"text-align: left;\"><a href=\"https:\/\/fernandamarques.com.br\/en\/project\/boa-mesa-2009\/\"><strong><span style=\"font-size: 14pt;\">Boa Mesa 2009<\/span><\/strong><\/a><\/p>\n<\/div><\/div><\/div><\/div><\/div><\/div><\/section><section class=\"l-section wpb_row height_medium\"><div class=\"l-section-h i-cf\"><div class=\"g-cols vc_row via_grid cols_3 laptops-cols_inherit tablets-cols_inherit mobiles-cols_1 valign_top type_default stacking_default\"><div class=\"wpb_column vc_column_container\"><div class=\"vc_column-inner\"><div class=\"w-image has_ratio align_none\"><a href=\"https:\/\/fernandamarques.com.br\/en\/project\/mostra-black-2012\/\" aria-label=\"living-goes-rock-too-5\" class=\"w-image-h\"><div style=\"padding-bottom:56.25%\"><\/div><img loading=\"lazy\" decoding=\"async\" width=\"683\" height=\"1024\" src=\"https:\/\/fernandamarques.com.br\/wp-content\/uploads\/2023\/11\/living-goes-rock-too-5-683x1024.jpg\" class=\"attachment-large size-large\" alt=\"\" loading=\"lazy\" \/><\/a><\/div><div class=\"w-image us_custom_260debb2 us_animate_this has_ratio align_right\"><a href=\"https:\/\/fernandamarques.com.br\/en\/project\/mostra-black-2012\/\" aria-label=\"a-design-award-winner-2013-gold\" class=\"w-image-h\"><div style=\"padding-bottom:169.2308%\"><\/div><img loading=\"lazy\" decoding=\"async\" width=\"300\" height=\"480\" src=\"https:\/\/fernandamarques.com.br\/wp-content\/uploads\/2023\/11\/a-design-award-winner-2013-gold-e1719338074649.jpg\" class=\"attachment-large size-large\" alt=\"\" loading=\"lazy\" \/><\/a><\/div><div class=\"wpb_text_column us_custom_771a2a97 has_text_color\"><div class=\"wpb_wrapper\"><p style=\"text-align: left;\"><a href=\"https:\/\/fernandamarques.com.br\/en\/project\/mostra-black-2012\/\"><strong><span style=\"font-size: 14pt;\">Mostra Black 2012<\/span><\/strong><\/a><\/p>\n<\/div><\/div><\/div><\/div><div class=\"wpb_column vc_column_container\"><div class=\"vc_column-inner\"><div class=\"w-image has_ratio align_none\"><a href=\"https:\/\/fernandamarques.com.br\/en\/project\/mostra-black-2013\/\" aria-label=\"u-long-2\" class=\"w-image-h\"><div style=\"padding-bottom:56.25%\"><\/div><img loading=\"lazy\" decoding=\"async\" width=\"1024\" height=\"683\" src=\"https:\/\/fernandamarques.com.br\/wp-content\/uploads\/2023\/11\/u-long-2-1024x683.jpg\" class=\"attachment-large size-large\" alt=\"\" loading=\"lazy\" \/><\/a><\/div><div class=\"w-image us_custom_e1c48cdb us_animate_this has_ratio align_right\"><a href=\"https:\/\/fernandamarques.com.br\/en\/project\/mostra-black-2013\/\" aria-label=\"best-of-year-honoree 1\" class=\"w-image-h\"><div style=\"padding-bottom:62.963%\"><\/div><img loading=\"lazy\" decoding=\"async\" width=\"626\" height=\"398\" src=\"https:\/\/fernandamarques.com.br\/wp-content\/uploads\/2023\/11\/best-of-year-honoree-1.jpg\" class=\"attachment-large size-large\" alt=\"\" loading=\"lazy\" \/><\/a><\/div><div class=\"wpb_text_column us_custom_d7fff54a has_text_color\"><div class=\"wpb_wrapper\"><p style=\"text-align: left;\"><a href=\"https:\/\/fernandamarques.com.br\/en\/project\/mostra-black-2013\/\"><strong><span style=\"font-size: 14pt;\">Mostra Black 2013<\/span><\/strong><\/a><\/p>\n<\/div><\/div><\/div><\/div><div class=\"wpb_column vc_column_container\"><div class=\"vc_column-inner\"><div class=\"w-image has_ratio align_none\"><a href=\"https:\/\/fernandamarques.com.br\/en\/project\/casa-cor-2009\/\" aria-label=\"deco-loft-1\" class=\"w-image-h\"><div style=\"padding-bottom:56.25%\"><\/div><img loading=\"lazy\" decoding=\"async\" width=\"768\" height=\"576\" src=\"https:\/\/fernandamarques.com.br\/wp-content\/uploads\/2013\/03\/deco-loft-1.jpg\" class=\"attachment-large size-large\" alt=\"\" loading=\"lazy\" \/><\/a><\/div><div class=\"w-image us_custom_e1c48cdb us_animate_this has_ratio align_right\"><a href=\"https:\/\/fernandamarques.com.br\/en\/project\/casa-cor-2009\/\" aria-label=\"best-of-year-honoree 1\" class=\"w-image-h\"><div style=\"padding-bottom:62.963%\"><\/div><img loading=\"lazy\" decoding=\"async\" width=\"626\" height=\"398\" src=\"https:\/\/fernandamarques.com.br\/wp-content\/uploads\/2023\/11\/best-of-year-honoree-1.jpg\" class=\"attachment-large size-large\" alt=\"\" loading=\"lazy\" \/><\/a><\/div><div class=\"wpb_text_column us_custom_d7fff54a has_text_color\"><div class=\"wpb_wrapper\"><p style=\"text-align: left;\"><a href=\"https:\/\/fernandamarques.com.br\/en\/project\/casa-cor-2009\/\"><strong><span style=\"font-size: 14pt;\">Casa Cor 2009<\/span><\/strong><\/a><\/p>\n<\/div><\/div><\/div><\/div><\/div><\/div><\/section><section class=\"l-section wpb_row height_medium\"><div class=\"l-section-h i-cf\"><div class=\"g-cols vc_row via_grid cols_3 laptops-cols_inherit tablets-cols_inherit mobiles-cols_1 valign_top type_default stacking_default\"><div class=\"wpb_column vc_column_container\"><div class=\"vc_column-inner\"><div class=\"w-image has_ratio align_none\"><a href=\"https:\/\/fernandamarques.com.br\/en\/project\/banco-infinito\/\" aria-label=\"banco-infinito-mitisameshima-facces-5\" class=\"w-image-h\"><div style=\"padding-bottom:56.25%\"><\/div><img loading=\"lazy\" decoding=\"async\" width=\"1024\" height=\"683\" src=\"https:\/\/fernandamarques.com.br\/wp-content\/uploads\/2023\/11\/banco-infinito-mitisameshima-facces-5-1024x683.jpg\" class=\"attachment-large size-large\" alt=\"\" loading=\"lazy\" \/><\/a><\/div><div class=\"w-image us_custom_260debb2 us_animate_this has_ratio align_right\"><a href=\"https:\/\/fernandamarques.com.br\/en\/project\/banco-infinito\/\" aria-label=\"a-design-award-winner-2013-gold\" class=\"w-image-h\"><div style=\"padding-bottom:169.2308%\"><\/div><img loading=\"lazy\" decoding=\"async\" width=\"300\" height=\"480\" src=\"https:\/\/fernandamarques.com.br\/wp-content\/uploads\/2023\/11\/a-design-award-winner-2013-gold-e1719338074649.jpg\" class=\"attachment-large size-large\" alt=\"\" loading=\"lazy\" \/><\/a><\/div><div class=\"wpb_text_column us_custom_771a2a97 has_text_color\"><div class=\"wpb_wrapper\"><p style=\"text-align: left;\"><a href=\"https:\/\/fernandamarques.com.br\/en\/project\/banco-infinito\/\"><strong><span style=\"font-size: 14pt;\">Banco Infinito<\/span><\/strong><\/a><\/p>\n<\/div><\/div><\/div><\/div><div class=\"wpb_column vc_column_container\"><div class=\"vc_column-inner\"><div class=\"w-image has_ratio align_none\"><a href=\"https:\/\/fernandamarques.com.br\/en\/project\/banco-geomorph-para-mekal\/\" aria-label=\"banco-geomorph-1\" class=\"w-image-h\"><div style=\"padding-bottom:56.25%\"><\/div><img loading=\"lazy\" decoding=\"async\" width=\"1024\" height=\"683\" src=\"https:\/\/fernandamarques.com.br\/wp-content\/uploads\/2023\/11\/banco-geomorph-1-1024x683.jpg\" class=\"attachment-large size-large\" alt=\"\" loading=\"lazy\" \/><\/a><\/div><div class=\"w-image us_custom_260debb2 us_animate_this has_ratio align_right\"><a href=\"https:\/\/fernandamarques.com.br\/en\/project\/banco-geomorph-para-mekal\/\" aria-label=\"logo-a-design-award-winner-2012-platinum\" class=\"w-image-h\"><div style=\"padding-bottom:157.1429%\"><\/div><img loading=\"lazy\" decoding=\"async\" width=\"253\" height=\"406\" src=\"https:\/\/fernandamarques.com.br\/wp-content\/uploads\/2023\/11\/logo-a-design-award-winner-2012-platinum-e1719327474729.jpg\" class=\"attachment-large size-large\" alt=\"\" loading=\"lazy\" \/><\/a><\/div><div class=\"wpb_text_column us_custom_771a2a97 has_text_color\"><div class=\"wpb_wrapper\"><p style=\"text-align: left;\"><a href=\"https:\/\/fernandamarques.com.br\/en\/project\/banco-geomorph-para-mekal\/\"><strong><span style=\"font-size: 14pt;\">Banco Geomorph<\/span><\/strong><\/a><\/p>\n<\/div><\/div><\/div><\/div><div class=\"wpb_column vc_column_container\"><div class=\"vc_column-inner\"><div class=\"w-image has_ratio align_none\"><a href=\"https:\/\/fernandamarques.com.br\/en\/project\/malibu\/\" aria-label=\"Malibu\" class=\"w-image-h\"><div style=\"padding-bottom:56.25%\"><\/div><img loading=\"lazy\" decoding=\"async\" width=\"768\" height=\"509\" src=\"https:\/\/fernandamarques.com.br\/wp-content\/uploads\/2023\/10\/Malibu.jpg\" class=\"attachment-large size-large\" alt=\"\" loading=\"lazy\" \/><\/a><\/div><div class=\"w-image us_custom_260debb2 us_animate_this has_ratio align_right\"><a href=\"https:\/\/fernandamarques.com.br\/en\/project\/malibu\/\" aria-label=\"premio-malibu\" class=\"w-image-h\"><div style=\"padding-bottom:157.1429%\"><\/div><img loading=\"lazy\" decoding=\"async\" width=\"250\" height=\"350\" src=\"https:\/\/fernandamarques.com.br\/wp-content\/uploads\/2024\/10\/premio-malibu.png\" class=\"attachment-large size-large\" alt=\"\" loading=\"lazy\" \/><\/a><\/div><div class=\"wpb_text_column us_custom_771a2a97 has_text_color\"><div class=\"wpb_wrapper\"><p style=\"text-align: left;\"><a href=\"https:\/\/fernandamarques.com.br\/en\/project\/malibu\/\"><strong><span style=\"font-size: 14pt;\">Malibu<\/span><\/strong><\/a><\/p>\n<\/div><\/div><\/div><\/div><\/div><\/div><\/section><section class=\"l-section wpb_row height_medium\"><div class=\"l-section-h i-cf\"><div class=\"g-cols vc_row via_grid cols_3 laptops-cols_inherit tablets-cols_inherit mobiles-cols_1 valign_top type_default stacking_default\"><div class=\"wpb_column vc_column_container\"><div class=\"vc_column-inner\"><\/div><\/div><div class=\"wpb_column vc_column_container\"><div class=\"vc_column-inner\"><div class=\"w-image has_ratio align_none\"><a href=\"https:\/\/fernandamarques.com.br\/en\/project\/colecao-tumbira\/\" aria-label=\"colecao-tumbira-1\" class=\"w-image-h\"><div style=\"padding-bottom:56.25%\"><\/div><img loading=\"lazy\" decoding=\"async\" width=\"1024\" height=\"1024\" src=\"https:\/\/fernandamarques.com.br\/wp-content\/uploads\/2023\/11\/colecao-tumbira-1-1024x1024.jpg\" class=\"attachment-large size-large\" alt=\"\" loading=\"lazy\" \/><\/a><\/div><div class=\"w-image us_custom_2764c6be us_animate_this has_ratio align_right\"><a href=\"https:\/\/fernandamarques.com.br\/en\/project\/colecao-tumbira\/\" aria-label=\"premio-casa-vogue-design\" class=\"w-image-h\"><div style=\"padding-bottom:110%\"><\/div><img loading=\"lazy\" decoding=\"async\" width=\"373\" height=\"376\" src=\"https:\/\/fernandamarques.com.br\/wp-content\/uploads\/2023\/11\/premio-casa-vogue-design.jpg\" class=\"attachment-large size-large\" alt=\"\" loading=\"lazy\" \/><\/a><\/div><div class=\"wpb_text_column us_custom_17469fdc has_text_color\"><div class=\"wpb_wrapper\"><p style=\"text-align: left;\"><a href=\"https:\/\/fernandamarques.com.br\/en\/project\/colecao-tumbira\/\"><strong><span style=\"font-size: 14pt;\">Cole\u00e7\u00e3o Tumbira<\/span><\/strong><\/a><\/p>\n<\/div><\/div><\/div><\/div><div class=\"wpb_column vc_column_container\"><div class=\"vc_column-inner\"><\/div><\/div><\/div><\/div><\/section>\n","protected":false},"excerpt":{"rendered":"AwardsOur company is proud to share the various awards we have received over the years. Each recognition is a testament to our commitment to excellence and quality in everything we do. Casa Jabuticaba Skyline Kintsugi Chaise Fly Vista Brazilian Financial Center Bucareste Panorama Cuba Infinity para Roca Eretz Tavarua Fazenda Boa Vista London Penthouse Linha...","protected":false},"author":5,"featured_media":0,"parent":0,"menu_order":0,"comment_status":"closed","ping_status":"closed","template":"","meta":{"_acf_changed":false,"_monsterinsights_skip_tracking":false,"_monsterinsights_sitenote_active":false,"_monsterinsights_sitenote_note":"","_monsterinsights_sitenote_category":0,"footnotes":""},"class_list":["post-4242","page","type-page","status-publish","hentry"],"acf":[],"yoast_head":"<!-- This site is optimized with the Yoast SEO plugin v27.4 - https:\/\/yoast.com\/product\/yoast-seo-wordpress\/ -->\n<title>Awards - Fernanda Marques<\/title>\n<meta name=\"robots\" content=\"index, follow, max-snippet:-1, max-image-preview:large, max-video-preview:-1\" \/>\n<link rel=\"canonical\" href=\"https:\/\/fernandamarques.com.br\/en\/awards\/\" \/>\n<meta property=\"og:locale\" content=\"en_US\" \/>\n<meta property=\"og:type\" content=\"article\" \/>\n<meta property=\"og:title\" content=\"Awards - Fernanda Marques\" \/>\n<meta property=\"og:url\" content=\"https:\/\/fernandamarques.com.br\/en\/awards\/\" \/>\n<meta property=\"og:site_name\" content=\"Fernanda Marques\" \/>\n<meta property=\"article:modified_time\" content=\"2026-04-03T13:09:01+00:00\" \/>\n<meta name=\"twitter:card\" content=\"summary_large_image\" \/>\n<meta name=\"twitter:label1\" content=\"Est. reading time\" \/>\n\t<meta name=\"twitter:data1\" content=\"3 minutes\" \/>\n<script type=\"application\/ld+json\" class=\"yoast-schema-graph\">{\"@context\":\"https:\\\/\\\/schema.org\",\"@graph\":[{\"@type\":\"WebPage\",\"@id\":\"https:\\\/\\\/fernandamarques.com.br\\\/en\\\/awards\\\/\",\"url\":\"https:\\\/\\\/fernandamarques.com.br\\\/en\\\/awards\\\/\",\"name\":\"Awards - Fernanda Marques\",\"isPartOf\":{\"@id\":\"https:\\\/\\\/fernandamarques.com.br\\\/en\\\/#website\"},\"datePublished\":\"2024-06-25T12:55:49+00:00\",\"dateModified\":\"2026-04-03T13:09:01+00:00\",\"breadcrumb\":{\"@id\":\"https:\\\/\\\/fernandamarques.com.br\\\/en\\\/awards\\\/#breadcrumb\"},\"inLanguage\":\"en-US\",\"potentialAction\":[{\"@type\":\"ReadAction\",\"target\":[\"https:\\\/\\\/fernandamarques.com.br\\\/en\\\/awards\\\/\"]}]},{\"@type\":\"BreadcrumbList\",\"@id\":\"https:\\\/\\\/fernandamarques.com.br\\\/en\\\/awards\\\/#breadcrumb\",\"itemListElement\":[{\"@type\":\"ListItem\",\"position\":1,\"name\":\"In\u00edcio\",\"item\":\"https:\\\/\\\/fernandamarques.com.br\\\/en\\\/\"},{\"@type\":\"ListItem\",\"position\":2,\"name\":\"Awards\"}]},{\"@type\":\"WebSite\",\"@id\":\"https:\\\/\\\/fernandamarques.com.br\\\/en\\\/#website\",\"url\":\"https:\\\/\\\/fernandamarques.com.br\\\/en\\\/\",\"name\":\"Fernanda Marques\",\"description\":\"\",\"potentialAction\":[{\"@type\":\"SearchAction\",\"target\":{\"@type\":\"EntryPoint\",\"urlTemplate\":\"https:\\\/\\\/fernandamarques.com.br\\\/en\\\/?s={search_term_string}\"},\"query-input\":{\"@type\":\"PropertyValueSpecification\",\"valueRequired\":true,\"valueName\":\"search_term_string\"}}],\"inLanguage\":\"en-US\"}]}<\/script>\n<!-- \/ Yoast SEO plugin. -->","yoast_head_json":{"title":"Awards - Fernanda Marques","robots":{"index":"index","follow":"follow","max-snippet":"max-snippet:-1","max-image-preview":"max-image-preview:large","max-video-preview":"max-video-preview:-1"},"canonical":"https:\/\/fernandamarques.com.br\/en\/awards\/","og_locale":"en_US","og_type":"article","og_title":"Awards - Fernanda Marques","og_url":"https:\/\/fernandamarques.com.br\/en\/awards\/","og_site_name":"Fernanda Marques","article_modified_time":"2026-04-03T13:09:01+00:00","twitter_card":"summary_large_image","twitter_misc":{"Est. reading time":"3 minutes"},"schema":{"@context":"https:\/\/schema.org","@graph":[{"@type":"WebPage","@id":"https:\/\/fernandamarques.com.br\/en\/awards\/","url":"https:\/\/fernandamarques.com.br\/en\/awards\/","name":"Awards - Fernanda Marques","isPartOf":{"@id":"https:\/\/fernandamarques.com.br\/en\/#website"},"datePublished":"2024-06-25T12:55:49+00:00","dateModified":"2026-04-03T13:09:01+00:00","breadcrumb":{"@id":"https:\/\/fernandamarques.com.br\/en\/awards\/#breadcrumb"},"inLanguage":"en-US","potentialAction":[{"@type":"ReadAction","target":["https:\/\/fernandamarques.com.br\/en\/awards\/"]}]},{"@type":"BreadcrumbList","@id":"https:\/\/fernandamarques.com.br\/en\/awards\/#breadcrumb","itemListElement":[{"@type":"ListItem","position":1,"name":"In\u00edcio","item":"https:\/\/fernandamarques.com.br\/en\/"},{"@type":"ListItem","position":2,"name":"Awards"}]},{"@type":"WebSite","@id":"https:\/\/fernandamarques.com.br\/en\/#website","url":"https:\/\/fernandamarques.com.br\/en\/","name":"Fernanda Marques","description":"","potentialAction":[{"@type":"SearchAction","target":{"@type":"EntryPoint","urlTemplate":"https:\/\/fernandamarques.com.br\/en\/?s={search_term_string}"},"query-input":{"@type":"PropertyValueSpecification","valueRequired":true,"valueName":"search_term_string"}}],"inLanguage":"en-US"}]}},"_links":{"self":[{"href":"https:\/\/fernandamarques.com.br\/en\/wp-json\/wp\/v2\/pages\/4242","targetHints":{"allow":["GET"]}}],"collection":[{"href":"https:\/\/fernandamarques.com.br\/en\/wp-json\/wp\/v2\/pages"}],"about":[{"href":"https:\/\/fernandamarques.com.br\/en\/wp-json\/wp\/v2\/types\/page"}],"author":[{"embeddable":true,"href":"https:\/\/fernandamarques.com.br\/en\/wp-json\/wp\/v2\/users\/5"}],"replies":[{"embeddable":true,"href":"https:\/\/fernandamarques.com.br\/en\/wp-json\/wp\/v2\/comments?post=4242"}],"version-history":[{"count":2,"href":"https:\/\/fernandamarques.com.br\/en\/wp-json\/wp\/v2\/pages\/4242\/revisions"}],"predecessor-version":[{"id":7500,"href":"https:\/\/fernandamarques.com.br\/en\/wp-json\/wp\/v2\/pages\/4242\/revisions\/7500"}],"wp:attachment":[{"href":"https:\/\/fernandamarques.com.br\/en\/wp-json\/wp\/v2\/media?parent=4242"}],"curies":[{"name":"wp","href":"https:\/\/api.w.org\/{rel}","templated":true}]}}