{"id":2010,"date":"2023-10-03T17:09:20","date_gmt":"2023-10-03T20:09:20","guid":{"rendered":"https:\/\/fernandamarques.com.br\/?post_type=projeto&#038;p=2010"},"modified":"2025-01-29T11:20:59","modified_gmt":"2025-01-29T14:20:59","slug":"vista","status":"publish","type":"projeto","link":"https:\/\/fernandamarques.com.br\/en\/project\/vista\/","title":{"rendered":"Vista"},"content":{"rendered":"<section class=\"l-section wpb_row height_medium\"><div class=\"l-section-h i-cf\"><div class=\"g-cols vc_row via_grid cols_1 laptops-cols_inherit tablets-cols_inherit mobiles-cols_1 valign_top type_default stacking_default\"><div class=\"wpb_column vc_column_container\"><div class=\"vc_column-inner\"><div class=\"w-image has_ratio align_center\"><a ref=\"magnificPopup\" href=\"https:\/\/fernandamarques.com.br\/wp-content\/uploads\/2023\/10\/vista-capa.jpg\" aria-label=\"vista-capa\" class=\"w-image-h\"><div style=\"padding-bottom:56.25%\"><\/div><img loading=\"lazy\" decoding=\"async\" width=\"1024\" height=\"1024\" src=\"https:\/\/fernandamarques.com.br\/wp-content\/uploads\/2023\/10\/vista-capa-1024x1024.jpg\" class=\"attachment-large size-large\" alt=\"\" loading=\"lazy\" \/><\/a><\/div><div class=\"w-separator size_medium\"><\/div><div class=\"wpb_text_column\"><div class=\"wpb_wrapper\"><p>Create a large scenic stage. A vibrant and well-lit space, where family life could take place in all its intensity. This is, in general terms, the objective of architect Fernanda Marques when integrating living and terrace, in the interior design of this 500 m\u00b2 apartment, located in S\u00e3o Paulo, with vista to Ibirapuera Park.<\/p>\n<\/div><\/div><div class=\"w-separator size_small\"><\/div><div class=\"g-cols wpb_row via_grid cols_2 laptops-cols_inherit tablets-cols_inherit mobiles-cols_1 valign_top type_default stacking_default\" style=\"--columns-gap:3rem;\"><div class=\"wpb_column vc_column_container\"><div class=\"vc_column-inner\"><div class=\"w-image has_ratio align_center\"><a ref=\"magnificPopup\" href=\"https:\/\/fernandamarques.com.br\/wp-content\/uploads\/2023\/10\/vista-1.jpg\" aria-label=\"vista-1\" class=\"w-image-h\"><div style=\"padding-bottom:133.3333%\"><\/div><img loading=\"lazy\" decoding=\"async\" width=\"768\" height=\"1024\" src=\"https:\/\/fernandamarques.com.br\/wp-content\/uploads\/2023\/10\/vista-1-768x1024.jpg\" class=\"attachment-large size-large\" alt=\"\" loading=\"lazy\" \/><\/a><\/div><\/div><\/div><div class=\"wpb_column vc_column_container\"><div class=\"vc_column-inner\"><div class=\"w-image has_ratio align_center\"><a ref=\"magnificPopup\" href=\"https:\/\/fernandamarques.com.br\/wp-content\/uploads\/2023\/10\/vista-2.jpg\" aria-label=\"vista-2\" class=\"w-image-h\"><div style=\"padding-bottom:133.3333%\"><\/div><img loading=\"lazy\" decoding=\"async\" width=\"768\" height=\"1024\" src=\"https:\/\/fernandamarques.com.br\/wp-content\/uploads\/2023\/10\/vista-2-768x1024.jpg\" class=\"attachment-large size-large\" alt=\"\" loading=\"lazy\" \/><\/a><\/div><\/div><\/div><\/div><div class=\"w-separator size_small\"><\/div><h2 class=\"w-text\"><span class=\"w-text-h\"><span class=\"w-text-value\">Architectural project for couple with teenage children<\/span><\/span><\/h2><div class=\"w-separator size_small\"><\/div><div class=\"wpb_text_column\"><div class=\"wpb_wrapper\"><p>\u201cMy clients, a couple who work in the financial market, and have two teenage children, live a busy daily life. They love art, design, entertaining friends and in the case of the owner in particular, also cooking. In fact, the environment was entirely designed based on her recommendations\u201d, says Fernanda.<\/p>\n<\/div><\/div><div class=\"w-separator size_small\"><\/div><div class=\"g-cols wpb_row via_grid cols_2 laptops-cols_inherit tablets-cols_inherit mobiles-cols_1 valign_top type_default stacking_default\" style=\"--columns-gap:3rem;\"><div class=\"wpb_column vc_column_container\"><div class=\"vc_column-inner\"><div class=\"w-image has_ratio align_center\"><a ref=\"magnificPopup\" href=\"https:\/\/fernandamarques.com.br\/wp-content\/uploads\/2023\/10\/vista-5.jpg\" aria-label=\"vista-5\" class=\"w-image-h\"><div style=\"padding-bottom:133.3333%\"><\/div><img loading=\"lazy\" decoding=\"async\" width=\"768\" height=\"1024\" src=\"https:\/\/fernandamarques.com.br\/wp-content\/uploads\/2023\/10\/vista-5-768x1024.jpg\" class=\"attachment-large size-large\" alt=\"\" loading=\"lazy\" \/><\/a><\/div><\/div><\/div><div class=\"wpb_column vc_column_container\"><div class=\"vc_column-inner\"><div class=\"w-image has_ratio align_center\"><a ref=\"magnificPopup\" href=\"https:\/\/fernandamarques.com.br\/wp-content\/uploads\/2023\/10\/vista-4.jpg\" aria-label=\"vista-4\" class=\"w-image-h\"><div style=\"padding-bottom:133.3333%\"><\/div><img loading=\"lazy\" decoding=\"async\" width=\"768\" height=\"1024\" src=\"https:\/\/fernandamarques.com.br\/wp-content\/uploads\/2023\/10\/vista-4-768x1024.jpg\" class=\"attachment-large size-large\" alt=\"\" loading=\"lazy\" \/><\/a><\/div><\/div><\/div><\/div><div class=\"w-separator size_small\"><\/div><h2 class=\"w-text\"><span class=\"w-text-h\"><span class=\"w-text-value\">Environment integration<\/span><\/span><\/h2><div class=\"w-separator size_small\"><\/div><div class=\"wpb_text_column\"><div class=\"wpb_wrapper\"><p>A crucial point in the articulation between the different sectors of the project, the integration of the social area was guaranteed by the travertine marble floor that appears to cover, without distinction, all spaces.<\/p>\n<p>The connection between the living room and the terrace, in turn, is made through metal porticoes. While the home theater integrates into the space through pivoting doors that can be completely closed.<\/p>\n<p>\u201cAll spaces are distributed around the living room, which is, in fact, the central element of this project. The dining room is in a strategic position, closer to the kitchen, to enable more optimized use. But, while the social area was completely covered in travertine, in the intimate area, I opted for an oak wood floor to warm the rooms\u201d, explains the architect.<\/p>\n<p>The possibility of having an expanded social area, in turn, led the architect to opt for a distribution in different centers, where furniture of national and international design finds a point of balance. \u201cI chose to create a neutral base, where I could work with pieces with a striking design, sometimes quite different from each other\u201d, explains Fernanda.<\/p>\n<p>On the other hand, maintaining a neutral and light tone on the walls, in addition to absorbing light, enabled the architect to provide the social area with points of intense color, capable of absorbing, for example, the mustard of armchair R, designed by Zanini de Zanine and the cobalt blue of the Danish armchairs. \u201cColor is always welcome. But it is essential to know where to use it\u201d, points out the architect.<\/p>\n<\/div><\/div><div class=\"w-separator size_small\"><\/div><div class=\"w-image has_ratio align_center\"><a ref=\"magnificPopup\" href=\"https:\/\/fernandamarques.com.br\/wp-content\/uploads\/2023\/10\/vista-3.jpg\" aria-label=\"Sala de estar de luxo do premiado apartamento residencial Vista, projeto de Fernanda Marques vencedor do Design Award 2023, com mobili\u00e1rio contempor\u00e2neo, marcenaria em madeira e ilumina\u00e7\u00e3o embutida.\" class=\"w-image-h\"><div style=\"padding-bottom:56.25%\"><\/div><img loading=\"lazy\" decoding=\"async\" width=\"768\" height=\"1024\" src=\"https:\/\/fernandamarques.com.br\/wp-content\/uploads\/2023\/10\/vista-3-768x1024.jpg\" class=\"attachment-large size-large\" alt=\"Sala de estar de luxo do premiado apartamento residencial Vista, projeto de Fernanda Marques vencedor do Design Award 2023, com mobili\u00e1rio contempor\u00e2neo, marcenaria em madeira e ilumina\u00e7\u00e3o embutida.\" loading=\"lazy\" \/><\/a><\/div><\/div><\/div><\/div><\/div><\/section>\n","protected":false},"excerpt":{"rendered":"<p>Apartment with a vibrant, well-lit space overlooking Ibirapuera Park, in S\u00e3o Paulo<\/p>\n","protected":false},"featured_media":2448,"menu_order":4,"template":"","categoria-de-projeto":[24],"class_list":["post-2010","projeto","type-projeto","status-publish","has-post-thumbnail","hentry","categoria-de-projeto-residential"],"acf":[],"yoast_head":"<!-- This site is optimized with the Yoast SEO plugin v27.4 - https:\/\/yoast.com\/product\/yoast-seo-wordpress\/ -->\n<title>Vista - Fernanda Marques<\/title>\n<meta name=\"robots\" content=\"index, follow, max-snippet:-1, max-image-preview:large, max-video-preview:-1\" \/>\n<link rel=\"canonical\" href=\"https:\/\/fernandamarques.com.br\/en\/project\/vista\/\" \/>\n<meta property=\"og:locale\" content=\"en_US\" \/>\n<meta property=\"og:type\" content=\"article\" \/>\n<meta property=\"og:title\" content=\"Vista - Fernanda Marques\" \/>\n<meta property=\"og:description\" content=\"Apartment with a vibrant, well-lit space overlooking Ibirapuera Park, in S\u00e3o Paulo\" \/>\n<meta property=\"og:url\" content=\"https:\/\/fernandamarques.com.br\/en\/project\/vista\/\" \/>\n<meta property=\"og:site_name\" content=\"Fernanda Marques\" \/>\n<meta property=\"article:modified_time\" content=\"2025-01-29T14:20:59+00:00\" \/>\n<meta property=\"og:image\" content=\"https:\/\/fernandamarques.com.br\/wp-content\/uploads\/2023\/10\/Vista.jpg\" \/>\n\t<meta property=\"og:image:width\" content=\"768\" \/>\n\t<meta property=\"og:image:height\" content=\"768\" \/>\n\t<meta property=\"og:image:type\" content=\"image\/jpeg\" \/>\n<meta name=\"twitter:card\" content=\"summary_large_image\" \/>\n<meta name=\"twitter:label1\" content=\"Est. reading time\" \/>\n\t<meta name=\"twitter:data1\" content=\"3 minutes\" \/>\n<script type=\"application\/ld+json\" class=\"yoast-schema-graph\">{\"@context\":\"https:\\\/\\\/schema.org\",\"@graph\":[{\"@type\":\"WebPage\",\"@id\":\"https:\\\/\\\/fernandamarques.com.br\\\/en\\\/project\\\/vista\\\/\",\"url\":\"https:\\\/\\\/fernandamarques.com.br\\\/en\\\/project\\\/vista\\\/\",\"name\":\"Vista - Fernanda Marques\",\"isPartOf\":{\"@id\":\"https:\\\/\\\/fernandamarques.com.br\\\/en\\\/#website\"},\"primaryImageOfPage\":{\"@id\":\"https:\\\/\\\/fernandamarques.com.br\\\/en\\\/project\\\/vista\\\/#primaryimage\"},\"image\":{\"@id\":\"https:\\\/\\\/fernandamarques.com.br\\\/en\\\/project\\\/vista\\\/#primaryimage\"},\"thumbnailUrl\":\"https:\\\/\\\/fernandamarques.com.br\\\/wp-content\\\/uploads\\\/2023\\\/10\\\/Vista.jpg\",\"datePublished\":\"2023-10-03T20:09:20+00:00\",\"dateModified\":\"2025-01-29T14:20:59+00:00\",\"breadcrumb\":{\"@id\":\"https:\\\/\\\/fernandamarques.com.br\\\/en\\\/project\\\/vista\\\/#breadcrumb\"},\"inLanguage\":\"en-US\",\"potentialAction\":[{\"@type\":\"ReadAction\",\"target\":[\"https:\\\/\\\/fernandamarques.com.br\\\/en\\\/project\\\/vista\\\/\"]}]},{\"@type\":\"ImageObject\",\"inLanguage\":\"en-US\",\"@id\":\"https:\\\/\\\/fernandamarques.com.br\\\/en\\\/project\\\/vista\\\/#primaryimage\",\"url\":\"https:\\\/\\\/fernandamarques.com.br\\\/wp-content\\\/uploads\\\/2023\\\/10\\\/Vista.jpg\",\"contentUrl\":\"https:\\\/\\\/fernandamarques.com.br\\\/wp-content\\\/uploads\\\/2023\\\/10\\\/Vista.jpg\",\"width\":768,\"height\":768},{\"@type\":\"BreadcrumbList\",\"@id\":\"https:\\\/\\\/fernandamarques.com.br\\\/en\\\/project\\\/vista\\\/#breadcrumb\",\"itemListElement\":[{\"@type\":\"ListItem\",\"position\":1,\"name\":\"In\u00edcio\",\"item\":\"https:\\\/\\\/fernandamarques.com.br\\\/en\\\/\"},{\"@type\":\"ListItem\",\"position\":2,\"name\":\"Projetos\",\"item\":\"https:\\\/\\\/fernandamarques.com.br\\\/en\\\/project\\\/\"},{\"@type\":\"ListItem\",\"position\":3,\"name\":\"Vista\"}]},{\"@type\":\"WebSite\",\"@id\":\"https:\\\/\\\/fernandamarques.com.br\\\/en\\\/#website\",\"url\":\"https:\\\/\\\/fernandamarques.com.br\\\/en\\\/\",\"name\":\"Fernanda Marques\",\"description\":\"\",\"potentialAction\":[{\"@type\":\"SearchAction\",\"target\":{\"@type\":\"EntryPoint\",\"urlTemplate\":\"https:\\\/\\\/fernandamarques.com.br\\\/en\\\/?s={search_term_string}\"},\"query-input\":{\"@type\":\"PropertyValueSpecification\",\"valueRequired\":true,\"valueName\":\"search_term_string\"}}],\"inLanguage\":\"en-US\"}]}<\/script>\n<!-- \/ Yoast SEO plugin. -->","yoast_head_json":{"title":"Vista - Fernanda Marques","robots":{"index":"index","follow":"follow","max-snippet":"max-snippet:-1","max-image-preview":"max-image-preview:large","max-video-preview":"max-video-preview:-1"},"canonical":"https:\/\/fernandamarques.com.br\/en\/project\/vista\/","og_locale":"en_US","og_type":"article","og_title":"Vista - Fernanda Marques","og_description":"Apartment with a vibrant, well-lit space overlooking Ibirapuera Park, in S\u00e3o Paulo","og_url":"https:\/\/fernandamarques.com.br\/en\/project\/vista\/","og_site_name":"Fernanda Marques","article_modified_time":"2025-01-29T14:20:59+00:00","og_image":[{"width":768,"height":768,"url":"https:\/\/fernandamarques.com.br\/wp-content\/uploads\/2023\/10\/Vista.jpg","type":"image\/jpeg"}],"twitter_card":"summary_large_image","twitter_misc":{"Est. reading time":"3 minutes"},"schema":{"@context":"https:\/\/schema.org","@graph":[{"@type":"WebPage","@id":"https:\/\/fernandamarques.com.br\/en\/project\/vista\/","url":"https:\/\/fernandamarques.com.br\/en\/project\/vista\/","name":"Vista - Fernanda Marques","isPartOf":{"@id":"https:\/\/fernandamarques.com.br\/en\/#website"},"primaryImageOfPage":{"@id":"https:\/\/fernandamarques.com.br\/en\/project\/vista\/#primaryimage"},"image":{"@id":"https:\/\/fernandamarques.com.br\/en\/project\/vista\/#primaryimage"},"thumbnailUrl":"https:\/\/fernandamarques.com.br\/wp-content\/uploads\/2023\/10\/Vista.jpg","datePublished":"2023-10-03T20:09:20+00:00","dateModified":"2025-01-29T14:20:59+00:00","breadcrumb":{"@id":"https:\/\/fernandamarques.com.br\/en\/project\/vista\/#breadcrumb"},"inLanguage":"en-US","potentialAction":[{"@type":"ReadAction","target":["https:\/\/fernandamarques.com.br\/en\/project\/vista\/"]}]},{"@type":"ImageObject","inLanguage":"en-US","@id":"https:\/\/fernandamarques.com.br\/en\/project\/vista\/#primaryimage","url":"https:\/\/fernandamarques.com.br\/wp-content\/uploads\/2023\/10\/Vista.jpg","contentUrl":"https:\/\/fernandamarques.com.br\/wp-content\/uploads\/2023\/10\/Vista.jpg","width":768,"height":768},{"@type":"BreadcrumbList","@id":"https:\/\/fernandamarques.com.br\/en\/project\/vista\/#breadcrumb","itemListElement":[{"@type":"ListItem","position":1,"name":"In\u00edcio","item":"https:\/\/fernandamarques.com.br\/en\/"},{"@type":"ListItem","position":2,"name":"Projetos","item":"https:\/\/fernandamarques.com.br\/en\/project\/"},{"@type":"ListItem","position":3,"name":"Vista"}]},{"@type":"WebSite","@id":"https:\/\/fernandamarques.com.br\/en\/#website","url":"https:\/\/fernandamarques.com.br\/en\/","name":"Fernanda Marques","description":"","potentialAction":[{"@type":"SearchAction","target":{"@type":"EntryPoint","urlTemplate":"https:\/\/fernandamarques.com.br\/en\/?s={search_term_string}"},"query-input":{"@type":"PropertyValueSpecification","valueRequired":true,"valueName":"search_term_string"}}],"inLanguage":"en-US"}]}},"_links":{"self":[{"href":"https:\/\/fernandamarques.com.br\/en\/wp-json\/wp\/v2\/projeto\/2010","targetHints":{"allow":["GET"]}}],"collection":[{"href":"https:\/\/fernandamarques.com.br\/en\/wp-json\/wp\/v2\/projeto"}],"about":[{"href":"https:\/\/fernandamarques.com.br\/en\/wp-json\/wp\/v2\/types\/projeto"}],"wp:featuredmedia":[{"embeddable":true,"href":"https:\/\/fernandamarques.com.br\/en\/wp-json\/wp\/v2\/media\/2448"}],"wp:attachment":[{"href":"https:\/\/fernandamarques.com.br\/en\/wp-json\/wp\/v2\/media?parent=2010"}],"wp:term":[{"taxonomy":"categoria-de-projeto","embeddable":true,"href":"https:\/\/fernandamarques.com.br\/en\/wp-json\/wp\/v2\/categoria-de-projeto?post=2010"}],"curies":[{"name":"wp","href":"https:\/\/api.w.org\/{rel}","templated":true}]}}