{"id":2115,"date":"2023-11-09T16:28:14","date_gmt":"2023-11-09T19:28:14","guid":{"rendered":"https:\/\/fernandamarques.com.br\/?post_type=projeto&#038;p=2115"},"modified":"2026-03-31T10:53:19","modified_gmt":"2026-03-31T13:53:19","slug":"colecao-tumbi-para-st-james","status":"publish","type":"projeto","link":"https:\/\/fernandamarques.com.br\/en\/project\/colecao-tumbi-para-st-james\/","title":{"rendered":"Tumbi Collection for St. James"},"content":{"rendered":"<section class=\"l-section wpb_row height_medium\"><div class=\"l-section-h i-cf\"><div class=\"g-cols vc_row via_grid cols_1 laptops-cols_inherit tablets-cols_inherit mobiles-cols_1 valign_top type_default stacking_default\"><div class=\"wpb_column vc_column_container\"><div class=\"vc_column-inner\"><div class=\"w-image has_ratio align_center\"><a ref=\"magnificPopup\" href=\"https:\/\/fernandamarques.com.br\/wp-content\/uploads\/2023\/11\/fernanda-marques-colecao-tumbi-produto-decoracao-3-scaled.jpg\" aria-label=\"fernanda-marques-cole\u00e7\u00e3o-tumbi-produto-decora\u00e7\u00e3o-3\" class=\"w-image-h\"><div style=\"padding-bottom:56.25%\"><\/div><img loading=\"lazy\" decoding=\"async\" width=\"1024\" height=\"678\" src=\"https:\/\/fernandamarques.com.br\/wp-content\/uploads\/2023\/11\/fernanda-marques-colecao-tumbi-produto-decoracao-3-1024x678.jpg\" class=\"attachment-large size-large\" alt=\"\" loading=\"lazy\" \/><\/a><\/div><div class=\"w-separator size_medium\"><\/div><div class=\"wpb_text_column\"><div class=\"wpb_wrapper\"><p>It was in Tumbira, a riverside community on the Rio Negro (AM) that Fernanda Marques and Marcelo Rosenbaum collaborated with the artisan Manoel Garrido in the creation of vases carved on lathe made with sustainably managed wood. And it is from this project that the Tumbi Collection in collaboration with St James was born. From the depths of the forest, knowledge was born to build the ancestral. From the factory floor of St. James, an object of unparalleled delicacy. And still able to diffuse light.<\/p>\n<\/div><\/div><div class=\"w-separator size_medium\"><\/div><div class=\"g-cols wpb_row via_grid cols_3 laptops-cols_inherit tablets-cols_inherit mobiles-cols_1 valign_top type_default stacking_default\" style=\"--columns-gap:3rem;\"><div class=\"wpb_column vc_column_container\"><div class=\"vc_column-inner\"><div class=\"w-image has_ratio align_center\"><a ref=\"magnificPopup\" href=\"https:\/\/fernandamarques.com.br\/wp-content\/uploads\/2023\/11\/fernanda-marques-colecao-tumbi-produto-decoracao-11-scaled.jpg\" aria-label=\"fernanda-marques-cole\u00e7\u00e3o-tumbi-produto-decora\u00e7\u00e3o-11\" class=\"w-image-h\"><div style=\"padding-bottom:150%\"><\/div><img loading=\"lazy\" decoding=\"async\" width=\"678\" height=\"1024\" src=\"https:\/\/fernandamarques.com.br\/wp-content\/uploads\/2023\/11\/fernanda-marques-colecao-tumbi-produto-decoracao-11-678x1024.jpg\" class=\"attachment-large size-large\" alt=\"\" loading=\"lazy\" \/><\/a><\/div><\/div><\/div><div class=\"wpb_column vc_column_container\"><div class=\"vc_column-inner\"><div class=\"w-image has_ratio align_center\"><a ref=\"magnificPopup\" href=\"https:\/\/fernandamarques.com.br\/wp-content\/uploads\/2023\/11\/fernanda-marques-colecao-tumbi-produto-decoracao-12-scaled.jpg\" aria-label=\"fernanda-marques-cole\u00e7\u00e3o-tumbi-produto-decora\u00e7\u00e3o-12\" class=\"w-image-h\"><div style=\"padding-bottom:150%\"><\/div><img loading=\"lazy\" decoding=\"async\" width=\"678\" height=\"1024\" src=\"https:\/\/fernandamarques.com.br\/wp-content\/uploads\/2023\/11\/fernanda-marques-colecao-tumbi-produto-decoracao-12-678x1024.jpg\" class=\"attachment-large size-large\" alt=\"\" loading=\"lazy\" \/><\/a><\/div><\/div><\/div><div class=\"wpb_column vc_column_container\"><div class=\"vc_column-inner\"><div class=\"w-image has_ratio align_center\"><a ref=\"magnificPopup\" href=\"https:\/\/fernandamarques.com.br\/wp-content\/uploads\/2023\/11\/fernanda-marques-colecao-tumbi-produto-decoracao-14-scaled.jpg\" aria-label=\"fernanda-marques-cole\u00e7\u00e3o-tumbi-produto-decora\u00e7\u00e3o-14\" class=\"w-image-h\"><div style=\"padding-bottom:150%\"><\/div><img loading=\"lazy\" decoding=\"async\" width=\"678\" height=\"1024\" src=\"https:\/\/fernandamarques.com.br\/wp-content\/uploads\/2023\/11\/fernanda-marques-colecao-tumbi-produto-decoracao-14-678x1024.jpg\" class=\"attachment-large size-large\" alt=\"\" loading=\"lazy\" \/><\/a><\/div><\/div><\/div><\/div><div class=\"w-separator size_medium\"><\/div><div class=\"wpb_text_column\"><div class=\"wpb_wrapper\"><p>\u2018It is interesting to observe the unconventional trajectory of the Tumbi Collection: from native wood with its unique coloring to ultra-polished metal. From decorative to functional objects. In this case, a lamp. And this without ever renouncing its strong identity.\u2019<\/p>\n<\/div><\/div><div class=\"w-separator size_medium\"><\/div><div class=\"w-image has_ratio align_center\"><a ref=\"magnificPopup\" href=\"https:\/\/fernandamarques.com.br\/wp-content\/uploads\/2023\/11\/fernanda-marques-colecao-tumbi-produto-decoracao-13-scaled.jpg\" aria-label=\"fernanda-marques-cole\u00e7\u00e3o-tumbi-produto-decora\u00e7\u00e3o-13\" class=\"w-image-h\"><div style=\"padding-bottom:56.25%\"><\/div><img loading=\"lazy\" decoding=\"async\" width=\"1024\" height=\"678\" src=\"https:\/\/fernandamarques.com.br\/wp-content\/uploads\/2023\/11\/fernanda-marques-colecao-tumbi-produto-decoracao-13-1024x678.jpg\" class=\"attachment-large size-large\" alt=\"\" loading=\"lazy\" \/><\/a><\/div><div class=\"w-separator size_medium\"><\/div><div class=\"g-cols wpb_row via_grid cols_3 laptops-cols_inherit tablets-cols_inherit mobiles-cols_1 valign_top type_default stacking_default\" style=\"--columns-gap:3rem;\"><div class=\"wpb_column vc_column_container\"><div class=\"vc_column-inner\"><div class=\"w-image has_ratio align_center\"><a ref=\"magnificPopup\" href=\"https:\/\/fernandamarques.com.br\/wp-content\/uploads\/2023\/11\/fernanda-marques-colecao-tumbi-produto-decoracao-1-1-scaled.jpg\" aria-label=\"fernanda-marques-cole\u00e7\u00e3o-tumbi-produto-decora\u00e7\u00e3o-1\" class=\"w-image-h\"><div style=\"padding-bottom:150%\"><\/div><img loading=\"lazy\" decoding=\"async\" width=\"678\" height=\"1024\" src=\"https:\/\/fernandamarques.com.br\/wp-content\/uploads\/2023\/11\/fernanda-marques-colecao-tumbi-produto-decoracao-1-1-678x1024.jpg\" class=\"attachment-large size-large\" alt=\"\" loading=\"lazy\" \/><\/a><\/div><\/div><\/div><div class=\"wpb_column vc_column_container\"><div class=\"vc_column-inner\"><div class=\"w-image has_ratio align_center\"><a ref=\"magnificPopup\" href=\"https:\/\/fernandamarques.com.br\/wp-content\/uploads\/2023\/11\/fernanda-marques-colecao-tumbi-produto-decoracao-16-scaled.jpg\" aria-label=\"fernanda-marques-cole\u00e7\u00e3o-tumbi-produto-decora\u00e7\u00e3o-16\" class=\"w-image-h\"><div style=\"padding-bottom:150%\"><\/div><img loading=\"lazy\" decoding=\"async\" width=\"678\" height=\"1024\" src=\"https:\/\/fernandamarques.com.br\/wp-content\/uploads\/2023\/11\/fernanda-marques-colecao-tumbi-produto-decoracao-16-678x1024.jpg\" class=\"attachment-large size-large\" alt=\"\" loading=\"lazy\" \/><\/a><\/div><\/div><\/div><div class=\"wpb_column vc_column_container\"><div class=\"vc_column-inner\"><div class=\"w-image has_ratio align_center\"><a ref=\"magnificPopup\" href=\"https:\/\/fernandamarques.com.br\/wp-content\/uploads\/2023\/11\/fernanda-marques-colecao-tumbi-produto-decoracao-7-scaled.jpg\" aria-label=\"fernanda-marques-cole\u00e7\u00e3o-tumbi-produto-decora\u00e7\u00e3o-7\" class=\"w-image-h\"><div style=\"padding-bottom:150%\"><\/div><img loading=\"lazy\" decoding=\"async\" width=\"678\" height=\"1024\" src=\"https:\/\/fernandamarques.com.br\/wp-content\/uploads\/2023\/11\/fernanda-marques-colecao-tumbi-produto-decoracao-7-678x1024.jpg\" class=\"attachment-large size-large\" alt=\"\" loading=\"lazy\" \/><\/a><\/div><\/div><\/div><\/div><div class=\"w-separator size_medium\"><\/div><div class=\"wpb_text_column\"><div class=\"wpb_wrapper\"><p>\u2018Although working with very different objectives, in this collection for St James, I feel that I never moved away from the concept of receptacle, of continent. In the first case to receive water, grains, earth. Living matter, in short. I venture to create an object that its able to contain the immaterial, the unattainable. In this case, light\u2019, says Fernanda.<\/p>\n<\/div><\/div><div class=\"w-separator size_medium\"><\/div><div class=\"g-cols wpb_row via_grid cols_3 laptops-cols_inherit tablets-cols_inherit mobiles-cols_1 valign_top type_default stacking_default\" style=\"--columns-gap:3rem;\"><div class=\"wpb_column vc_column_container\"><div class=\"vc_column-inner\"><div class=\"w-image has_ratio align_center\"><a ref=\"magnificPopup\" href=\"https:\/\/fernandamarques.com.br\/wp-content\/uploads\/2023\/11\/fernanda-marques-colecao-tumbi-produto-decoracao-5-scaled.jpg\" aria-label=\"fernanda-marques-cole\u00e7\u00e3o-tumbi-produto-decora\u00e7\u00e3o-5\" class=\"w-image-h\"><div style=\"padding-bottom:150%\"><\/div><img loading=\"lazy\" decoding=\"async\" width=\"678\" height=\"1024\" src=\"https:\/\/fernandamarques.com.br\/wp-content\/uploads\/2023\/11\/fernanda-marques-colecao-tumbi-produto-decoracao-5-678x1024.jpg\" class=\"attachment-large size-large\" alt=\"\" loading=\"lazy\" \/><\/a><\/div><\/div><\/div><div class=\"wpb_column vc_column_container\"><div class=\"vc_column-inner\"><div class=\"w-image has_ratio align_center\"><a ref=\"magnificPopup\" href=\"https:\/\/fernandamarques.com.br\/wp-content\/uploads\/2023\/11\/fernanda-marques-colecao-tumbi-produto-decoracao-9-scaled.jpg\" aria-label=\"fernanda-marques-cole\u00e7\u00e3o-tumbi-produto-decora\u00e7\u00e3o-9\" class=\"w-image-h\"><div style=\"padding-bottom:150%\"><\/div><img loading=\"lazy\" decoding=\"async\" width=\"678\" height=\"1024\" src=\"https:\/\/fernandamarques.com.br\/wp-content\/uploads\/2023\/11\/fernanda-marques-colecao-tumbi-produto-decoracao-9-678x1024.jpg\" class=\"attachment-large size-large\" alt=\"\" loading=\"lazy\" \/><\/a><\/div><\/div><\/div><div class=\"wpb_column vc_column_container\"><div class=\"vc_column-inner\"><div class=\"w-image has_ratio align_center\"><a ref=\"magnificPopup\" href=\"https:\/\/fernandamarques.com.br\/wp-content\/uploads\/2023\/11\/fernanda-marques-colecao-tumbi-produto-decoracao-8-scaled.jpg\" aria-label=\"fernanda-marques-cole\u00e7\u00e3o-tumbi-produto-decora\u00e7\u00e3o-8\" class=\"w-image-h\"><div style=\"padding-bottom:150%\"><\/div><img loading=\"lazy\" decoding=\"async\" width=\"678\" height=\"1024\" src=\"https:\/\/fernandamarques.com.br\/wp-content\/uploads\/2023\/11\/fernanda-marques-colecao-tumbi-produto-decoracao-8-678x1024.jpg\" class=\"attachment-large size-large\" alt=\"\" loading=\"lazy\" \/><\/a><\/div><\/div><\/div><\/div><div class=\"w-separator size_medium\"><\/div><div class=\"w-video align_none ratio_16x9 has_iframe\"><div class=\"w-video-h\"><iframe title=\"Youtube video player\" src=\"\/\/www.youtube.com\/embed\/-3UxsKGfayw?autoplay=0&controls=1&origin=https:\/\/fernandamarques.com.br\/en\/&loop=0&mute=0\" allowfullscreen=\"1\" loading=\"lazy\"><\/iframe><\/div><\/div><\/div><\/div><\/div><\/div><\/section>\n","protected":false},"excerpt":{"rendered":"<p>A Symbiosis of Art, Sustainability, and Functionality<\/p>\n","protected":false},"featured_media":5575,"menu_order":7,"template":"","categoria-de-projeto":[27],"class_list":["post-2115","projeto","type-projeto","status-publish","has-post-thumbnail","hentry","categoria-de-projeto-products"],"acf":[],"yoast_head":"<!-- This site is optimized with the Yoast SEO plugin v27.4 - https:\/\/yoast.com\/product\/yoast-seo-wordpress\/ -->\n<title>Tumbi Collection for St. James - Fernanda Marques<\/title>\n<meta name=\"robots\" content=\"index, follow, max-snippet:-1, max-image-preview:large, max-video-preview:-1\" \/>\n<link rel=\"canonical\" href=\"https:\/\/fernandamarques.com.br\/en\/project\/colecao-tumbi-para-st-james\/\" \/>\n<meta property=\"og:locale\" content=\"en_US\" \/>\n<meta property=\"og:type\" content=\"article\" \/>\n<meta property=\"og:title\" content=\"Tumbi Collection for St. James - Fernanda Marques\" \/>\n<meta property=\"og:description\" content=\"A Symbiosis of Art, Sustainability, and Functionality\" \/>\n<meta property=\"og:url\" content=\"https:\/\/fernandamarques.com.br\/en\/project\/colecao-tumbi-para-st-james\/\" \/>\n<meta property=\"og:site_name\" content=\"Fernanda Marques\" \/>\n<meta property=\"article:modified_time\" content=\"2026-03-31T13:53:19+00:00\" \/>\n<meta property=\"og:image\" content=\"https:\/\/fernandamarques.com.br\/wp-content\/uploads\/2023\/11\/fernanda-marques-colecao-tumbi-produto-decoracao-16-scaled.jpg\" \/>\n\t<meta property=\"og:image:width\" content=\"1324\" \/>\n\t<meta property=\"og:image:height\" content=\"2000\" \/>\n\t<meta property=\"og:image:type\" content=\"image\/jpeg\" \/>\n<meta name=\"twitter:card\" content=\"summary_large_image\" \/>\n<meta name=\"twitter:label1\" content=\"Est. reading time\" \/>\n\t<meta name=\"twitter:data1\" content=\"2 minutes\" \/>\n<script type=\"application\/ld+json\" class=\"yoast-schema-graph\">{\"@context\":\"https:\\\/\\\/schema.org\",\"@graph\":[{\"@type\":\"WebPage\",\"@id\":\"https:\\\/\\\/fernandamarques.com.br\\\/en\\\/project\\\/colecao-tumbi-para-st-james\\\/\",\"url\":\"https:\\\/\\\/fernandamarques.com.br\\\/en\\\/project\\\/colecao-tumbi-para-st-james\\\/\",\"name\":\"Tumbi Collection for St. James - Fernanda Marques\",\"isPartOf\":{\"@id\":\"https:\\\/\\\/fernandamarques.com.br\\\/en\\\/#website\"},\"primaryImageOfPage\":{\"@id\":\"https:\\\/\\\/fernandamarques.com.br\\\/en\\\/project\\\/colecao-tumbi-para-st-james\\\/#primaryimage\"},\"image\":{\"@id\":\"https:\\\/\\\/fernandamarques.com.br\\\/en\\\/project\\\/colecao-tumbi-para-st-james\\\/#primaryimage\"},\"thumbnailUrl\":\"https:\\\/\\\/fernandamarques.com.br\\\/wp-content\\\/uploads\\\/2023\\\/11\\\/fernanda-marques-colecao-tumbi-produto-decoracao-16-scaled.jpg\",\"datePublished\":\"2023-11-09T19:28:14+00:00\",\"dateModified\":\"2026-03-31T13:53:19+00:00\",\"breadcrumb\":{\"@id\":\"https:\\\/\\\/fernandamarques.com.br\\\/en\\\/project\\\/colecao-tumbi-para-st-james\\\/#breadcrumb\"},\"inLanguage\":\"en-US\",\"potentialAction\":[{\"@type\":\"ReadAction\",\"target\":[\"https:\\\/\\\/fernandamarques.com.br\\\/en\\\/project\\\/colecao-tumbi-para-st-james\\\/\"]}]},{\"@type\":\"ImageObject\",\"inLanguage\":\"en-US\",\"@id\":\"https:\\\/\\\/fernandamarques.com.br\\\/en\\\/project\\\/colecao-tumbi-para-st-james\\\/#primaryimage\",\"url\":\"https:\\\/\\\/fernandamarques.com.br\\\/wp-content\\\/uploads\\\/2023\\\/11\\\/fernanda-marques-colecao-tumbi-produto-decoracao-16-scaled.jpg\",\"contentUrl\":\"https:\\\/\\\/fernandamarques.com.br\\\/wp-content\\\/uploads\\\/2023\\\/11\\\/fernanda-marques-colecao-tumbi-produto-decoracao-16-scaled.jpg\",\"width\":1324,\"height\":2000},{\"@type\":\"BreadcrumbList\",\"@id\":\"https:\\\/\\\/fernandamarques.com.br\\\/en\\\/project\\\/colecao-tumbi-para-st-james\\\/#breadcrumb\",\"itemListElement\":[{\"@type\":\"ListItem\",\"position\":1,\"name\":\"In\u00edcio\",\"item\":\"https:\\\/\\\/fernandamarques.com.br\\\/en\\\/\"},{\"@type\":\"ListItem\",\"position\":2,\"name\":\"Projetos\",\"item\":\"https:\\\/\\\/fernandamarques.com.br\\\/en\\\/project\\\/\"},{\"@type\":\"ListItem\",\"position\":3,\"name\":\"Tumbi Collection for St. James\"}]},{\"@type\":\"WebSite\",\"@id\":\"https:\\\/\\\/fernandamarques.com.br\\\/en\\\/#website\",\"url\":\"https:\\\/\\\/fernandamarques.com.br\\\/en\\\/\",\"name\":\"Fernanda Marques\",\"description\":\"\",\"potentialAction\":[{\"@type\":\"SearchAction\",\"target\":{\"@type\":\"EntryPoint\",\"urlTemplate\":\"https:\\\/\\\/fernandamarques.com.br\\\/en\\\/?s={search_term_string}\"},\"query-input\":{\"@type\":\"PropertyValueSpecification\",\"valueRequired\":true,\"valueName\":\"search_term_string\"}}],\"inLanguage\":\"en-US\"}]}<\/script>\n<!-- \/ Yoast SEO plugin. -->","yoast_head_json":{"title":"Tumbi Collection for St. James - Fernanda Marques","robots":{"index":"index","follow":"follow","max-snippet":"max-snippet:-1","max-image-preview":"max-image-preview:large","max-video-preview":"max-video-preview:-1"},"canonical":"https:\/\/fernandamarques.com.br\/en\/project\/colecao-tumbi-para-st-james\/","og_locale":"en_US","og_type":"article","og_title":"Tumbi Collection for St. James - Fernanda Marques","og_description":"A Symbiosis of Art, Sustainability, and Functionality","og_url":"https:\/\/fernandamarques.com.br\/en\/project\/colecao-tumbi-para-st-james\/","og_site_name":"Fernanda Marques","article_modified_time":"2026-03-31T13:53:19+00:00","og_image":[{"width":1324,"height":2000,"url":"https:\/\/fernandamarques.com.br\/wp-content\/uploads\/2023\/11\/fernanda-marques-colecao-tumbi-produto-decoracao-16-scaled.jpg","type":"image\/jpeg"}],"twitter_card":"summary_large_image","twitter_misc":{"Est. reading time":"2 minutes"},"schema":{"@context":"https:\/\/schema.org","@graph":[{"@type":"WebPage","@id":"https:\/\/fernandamarques.com.br\/en\/project\/colecao-tumbi-para-st-james\/","url":"https:\/\/fernandamarques.com.br\/en\/project\/colecao-tumbi-para-st-james\/","name":"Tumbi Collection for St. James - Fernanda Marques","isPartOf":{"@id":"https:\/\/fernandamarques.com.br\/en\/#website"},"primaryImageOfPage":{"@id":"https:\/\/fernandamarques.com.br\/en\/project\/colecao-tumbi-para-st-james\/#primaryimage"},"image":{"@id":"https:\/\/fernandamarques.com.br\/en\/project\/colecao-tumbi-para-st-james\/#primaryimage"},"thumbnailUrl":"https:\/\/fernandamarques.com.br\/wp-content\/uploads\/2023\/11\/fernanda-marques-colecao-tumbi-produto-decoracao-16-scaled.jpg","datePublished":"2023-11-09T19:28:14+00:00","dateModified":"2026-03-31T13:53:19+00:00","breadcrumb":{"@id":"https:\/\/fernandamarques.com.br\/en\/project\/colecao-tumbi-para-st-james\/#breadcrumb"},"inLanguage":"en-US","potentialAction":[{"@type":"ReadAction","target":["https:\/\/fernandamarques.com.br\/en\/project\/colecao-tumbi-para-st-james\/"]}]},{"@type":"ImageObject","inLanguage":"en-US","@id":"https:\/\/fernandamarques.com.br\/en\/project\/colecao-tumbi-para-st-james\/#primaryimage","url":"https:\/\/fernandamarques.com.br\/wp-content\/uploads\/2023\/11\/fernanda-marques-colecao-tumbi-produto-decoracao-16-scaled.jpg","contentUrl":"https:\/\/fernandamarques.com.br\/wp-content\/uploads\/2023\/11\/fernanda-marques-colecao-tumbi-produto-decoracao-16-scaled.jpg","width":1324,"height":2000},{"@type":"BreadcrumbList","@id":"https:\/\/fernandamarques.com.br\/en\/project\/colecao-tumbi-para-st-james\/#breadcrumb","itemListElement":[{"@type":"ListItem","position":1,"name":"In\u00edcio","item":"https:\/\/fernandamarques.com.br\/en\/"},{"@type":"ListItem","position":2,"name":"Projetos","item":"https:\/\/fernandamarques.com.br\/en\/project\/"},{"@type":"ListItem","position":3,"name":"Tumbi Collection for St. James"}]},{"@type":"WebSite","@id":"https:\/\/fernandamarques.com.br\/en\/#website","url":"https:\/\/fernandamarques.com.br\/en\/","name":"Fernanda Marques","description":"","potentialAction":[{"@type":"SearchAction","target":{"@type":"EntryPoint","urlTemplate":"https:\/\/fernandamarques.com.br\/en\/?s={search_term_string}"},"query-input":{"@type":"PropertyValueSpecification","valueRequired":true,"valueName":"search_term_string"}}],"inLanguage":"en-US"}]}},"_links":{"self":[{"href":"https:\/\/fernandamarques.com.br\/en\/wp-json\/wp\/v2\/projeto\/2115","targetHints":{"allow":["GET"]}}],"collection":[{"href":"https:\/\/fernandamarques.com.br\/en\/wp-json\/wp\/v2\/projeto"}],"about":[{"href":"https:\/\/fernandamarques.com.br\/en\/wp-json\/wp\/v2\/types\/projeto"}],"wp:featuredmedia":[{"embeddable":true,"href":"https:\/\/fernandamarques.com.br\/en\/wp-json\/wp\/v2\/media\/5575"}],"wp:attachment":[{"href":"https:\/\/fernandamarques.com.br\/en\/wp-json\/wp\/v2\/media?parent=2115"}],"wp:term":[{"taxonomy":"categoria-de-projeto","embeddable":true,"href":"https:\/\/fernandamarques.com.br\/en\/wp-json\/wp\/v2\/categoria-de-projeto?post=2115"}],"curies":[{"name":"wp","href":"https:\/\/api.w.org\/{rel}","templated":true}]}}