{"id":2118,"date":"2023-11-09T15:56:52","date_gmt":"2023-11-09T18:56:52","guid":{"rendered":"https:\/\/fernandamarques.com.br\/?post_type=projeto&#038;p=2118"},"modified":"2025-04-22T14:39:04","modified_gmt":"2025-04-22T17:39:04","slug":"mostra-black-2013","status":"publish","type":"projeto","link":"https:\/\/fernandamarques.com.br\/en\/project\/mostra-black-2013\/","title":{"rendered":"Mostra Black 2013"},"content":{"rendered":"<section class=\"l-section wpb_row height_medium\"><div class=\"l-section-h i-cf\"><div class=\"g-cols vc_row via_grid cols_1 laptops-cols_inherit tablets-cols_inherit mobiles-cols_1 valign_top type_default stacking_default\"><div class=\"wpb_column vc_column_container\"><div class=\"vc_column-inner\"><div class=\"w-image has_ratio align_center\"><a ref=\"magnificPopup\" href=\"https:\/\/fernandamarques.com.br\/wp-content\/uploads\/2023\/11\/u-long-1.jpg\" aria-label=\"u-long-1\" class=\"w-image-h\"><div style=\"padding-bottom:56.25%\"><\/div><img loading=\"lazy\" decoding=\"async\" width=\"1024\" height=\"683\" src=\"https:\/\/fernandamarques.com.br\/wp-content\/uploads\/2023\/11\/u-long-1-1024x683.jpg\" class=\"attachment-large size-large\" alt=\"\" loading=\"lazy\" \/><\/a><\/div><div class=\"w-separator size_medium\"><\/div><h2 class=\"w-text\"><span class=\"w-text-h\"><span class=\"w-text-value\">Espa\u00e7o multifuncional: onde arte, design e urbano coexistem<\/span><\/span><\/h2><div class=\"wpb_text_column\"><div class=\"wpb_wrapper\"><p>Um living de 126m2 que pairava sobre o tecido urbano intrincado de S\u00e3o Paulo. O projeto do U- Lounge partia da desconstru\u00e7\u00e3o de seu espa\u00e7o. Linhas n\u00e3o ortogonais, no piso e no teto, rompiam com o volume bem definido de sua loca\u00e7\u00e3o: uma sala de escrit\u00f3rio, subitamente transformada em ambiente residencial.<\/p>\n<\/div><\/div><div class=\"w-separator size_medium\"><\/div><div class=\"g-cols wpb_row via_grid cols_2 laptops-cols_inherit tablets-cols_inherit mobiles-cols_1 valign_top type_default stacking_default\" style=\"--columns-gap:3rem;\"><div class=\"wpb_column vc_column_container\"><div class=\"vc_column-inner\"><div class=\"w-image has_ratio align_center\"><a ref=\"magnificPopup\" href=\"https:\/\/fernandamarques.com.br\/wp-content\/uploads\/2023\/11\/u-long-2.jpg\" aria-label=\"u-long-2\" class=\"w-image-h\"><div style=\"padding-bottom:133.3333%\"><\/div><img loading=\"lazy\" decoding=\"async\" width=\"1024\" height=\"683\" src=\"https:\/\/fernandamarques.com.br\/wp-content\/uploads\/2023\/11\/u-long-2-1024x683.jpg\" class=\"attachment-large size-large\" alt=\"\" loading=\"lazy\" \/><\/a><\/div><\/div><\/div><div class=\"wpb_column vc_column_container\"><div class=\"vc_column-inner\"><div class=\"w-image has_ratio align_center\"><a ref=\"magnificPopup\" href=\"https:\/\/fernandamarques.com.br\/wp-content\/uploads\/2023\/11\/u-long-3.jpg\" aria-label=\"u-long-3\" class=\"w-image-h\"><div style=\"padding-bottom:133.3333%\"><\/div><img loading=\"lazy\" decoding=\"async\" width=\"1024\" height=\"683\" src=\"https:\/\/fernandamarques.com.br\/wp-content\/uploads\/2023\/11\/u-long-3-1024x683.jpg\" class=\"attachment-large size-large\" alt=\"\" loading=\"lazy\" \/><\/a><\/div><\/div><\/div><\/div><div class=\"w-separator size_medium\"><\/div><div class=\"wpb_text_column\"><div class=\"wpb_wrapper\"><p>Ainda assim, o DNA urbano da edifica\u00e7\u00e3o foi respeitado, aproximando os interiores da cidade. Tra\u00e7os do skyline podiam ser detectados na pagina\u00e7\u00e3o do forro de madeira, em correspond\u00eancia direta com os filetes de a\u00e7o inox que demarcavam o piso de m\u00e1rmore.<\/p>\n<\/div><\/div><div class=\"w-separator size_medium\"><\/div><div class=\"g-cols wpb_row via_grid cols_2 laptops-cols_inherit tablets-cols_inherit mobiles-cols_1 valign_top type_default stacking_default\" style=\"--columns-gap:3rem;\"><div class=\"wpb_column vc_column_container\"><div class=\"vc_column-inner\"><div class=\"w-image has_ratio align_center\"><a ref=\"magnificPopup\" href=\"https:\/\/fernandamarques.com.br\/wp-content\/uploads\/2023\/11\/u-long-4.jpg\" aria-label=\"u-long-4\" class=\"w-image-h\"><div style=\"padding-bottom:133.3333%\"><\/div><img loading=\"lazy\" decoding=\"async\" width=\"683\" height=\"1024\" src=\"https:\/\/fernandamarques.com.br\/wp-content\/uploads\/2023\/11\/u-long-4-683x1024.jpg\" class=\"attachment-large size-large\" alt=\"\" loading=\"lazy\" \/><\/a><\/div><\/div><\/div><div class=\"wpb_column vc_column_container\"><div class=\"vc_column-inner\"><div class=\"w-image has_ratio align_center\"><a ref=\"magnificPopup\" href=\"https:\/\/fernandamarques.com.br\/wp-content\/uploads\/2023\/11\/u-long-5.jpg\" aria-label=\"u-long-5\" class=\"w-image-h\"><div style=\"padding-bottom:133.3333%\"><\/div><img loading=\"lazy\" decoding=\"async\" width=\"683\" height=\"1024\" src=\"https:\/\/fernandamarques.com.br\/wp-content\/uploads\/2023\/11\/u-long-5-683x1024.jpg\" class=\"attachment-large size-large\" alt=\"\" loading=\"lazy\" \/><\/a><\/div><\/div><\/div><\/div><div class=\"w-separator size_medium\"><\/div><div class=\"wpb_text_column\"><div class=\"wpb_wrapper\"><p>Uma bancada produzida com 600 quilos de inox, desenhada pela arquiteta, roubava a cena, enquanto o brutalismo da escola paulista de arquitetura, uma das maiores influ\u00eancias de Fernanda, se manifestava com toda a sua intensidade nas paredes e nos pilares: \u00e1speros e secos, de concreto aparente.<\/p>\n<\/div><\/div><div class=\"w-separator size_medium\"><\/div><div class=\"w-image has_ratio align_center\"><a ref=\"magnificPopup\" href=\"https:\/\/fernandamarques.com.br\/wp-content\/uploads\/2023\/11\/u-long-6.jpg\" aria-label=\"u-long-6\" class=\"w-image-h\"><div style=\"padding-bottom:56.25%\"><\/div><img loading=\"lazy\" decoding=\"async\" width=\"1024\" height=\"683\" src=\"https:\/\/fernandamarques.com.br\/wp-content\/uploads\/2023\/11\/u-long-6-1024x683.jpg\" class=\"attachment-large size-large\" alt=\"\" loading=\"lazy\" \/><\/a><\/div><div class=\"w-separator size_medium\"><\/div><div class=\"wpb_text_column\"><div class=\"wpb_wrapper\"><p>Ressaltando toda esta identidade, cores claras e texturas r\u00fasticas predominavam nos m\u00f3veis e nos acabamentos.<br \/>\nAssim como condi\u00e7\u00f5es de conforto \u00fanicas. Especialmente no setor do home teather, onde um imenso sof\u00e1 negro oferecia a dose exata de contemporaneidade, na companhia de obras de arte de Ligia Pape, Matthew Barney, Cindy Sherman, Olafur Eliasson e Nuno Ramos.<\/p>\n<\/div><\/div><div class=\"w-separator size_medium\"><\/div><div class=\"w-image has_ratio align_center\"><a ref=\"magnificPopup\" href=\"https:\/\/fernandamarques.com.br\/wp-content\/uploads\/2023\/11\/u-long-7.jpg\" aria-label=\"u-long-7\" class=\"w-image-h\"><div style=\"padding-bottom:56.25%\"><\/div><img loading=\"lazy\" decoding=\"async\" width=\"1024\" height=\"683\" src=\"https:\/\/fernandamarques.com.br\/wp-content\/uploads\/2023\/11\/u-long-7-1024x683.jpg\" class=\"attachment-large size-large\" alt=\"\" loading=\"lazy\" \/><\/a><\/div><div class=\"w-separator size_medium\"><\/div><div class=\"wpb_text_column\"><div class=\"wpb_wrapper\"><p>O styline de S\u00e3o Paulo podia ser detectado nos detalhes dos m\u00f3veis, arm\u00e1rios e at\u00e9 mesmo no tapete, em peda\u00e7os, do living.<br \/>\nO sof\u00e1 Flap oferecia a dose exata de estilo e conforto. O living amplo recebeu obras referenciais de arte e de design. O espa\u00e7o traz uma proposta de ambiente multifuncional que mescla o sofisticado e o minimalista.<\/p>\n<\/div><\/div><div class=\"w-separator size_medium\"><\/div><div class=\"w-image has_ratio align_center\"><a ref=\"magnificPopup\" href=\"https:\/\/fernandamarques.com.br\/wp-content\/uploads\/2023\/11\/u-long-8.jpg\" aria-label=\"u-long-8\" class=\"w-image-h\"><div style=\"padding-bottom:56.25%\"><\/div><img loading=\"lazy\" decoding=\"async\" width=\"1024\" height=\"683\" src=\"https:\/\/fernandamarques.com.br\/wp-content\/uploads\/2023\/11\/u-long-8-1024x683.jpg\" class=\"attachment-large size-large\" alt=\"\" loading=\"lazy\" \/><\/a><\/div><\/div><\/div><\/div><\/div><\/section>\n","protected":false},"excerpt":{"rendered":"<p>Sofistica\u00e7\u00e3o e minimalismo: o DNA urbano do U-Lounge<\/p>\n","protected":false},"featured_media":3160,"menu_order":5,"template":"","categoria-de-projeto":[28],"class_list":["post-2118","projeto","type-projeto","status-publish","has-post-thumbnail","hentry","categoria-de-projeto-showcase"],"acf":[],"yoast_head":"<!-- This site is optimized with the Yoast SEO plugin v27.4 - https:\/\/yoast.com\/product\/yoast-seo-wordpress\/ -->\n<title>Mostra Black 2013 - Fernanda Marques<\/title>\n<meta name=\"robots\" content=\"index, follow, max-snippet:-1, max-image-preview:large, max-video-preview:-1\" \/>\n<link rel=\"canonical\" href=\"https:\/\/fernandamarques.com.br\/en\/project\/mostra-black-2013\/\" \/>\n<meta property=\"og:locale\" content=\"en_US\" \/>\n<meta property=\"og:type\" content=\"article\" \/>\n<meta property=\"og:title\" content=\"Mostra Black 2013 - Fernanda Marques\" \/>\n<meta property=\"og:description\" content=\"Sofistica\u00e7\u00e3o e minimalismo: o DNA urbano do U-Lounge\" \/>\n<meta property=\"og:url\" content=\"https:\/\/fernandamarques.com.br\/en\/project\/mostra-black-2013\/\" \/>\n<meta property=\"og:site_name\" content=\"Fernanda Marques\" \/>\n<meta property=\"article:modified_time\" content=\"2025-04-22T17:39:04+00:00\" \/>\n<meta property=\"og:image\" content=\"https:\/\/fernandamarques.com.br\/wp-content\/uploads\/2023\/11\/capa-mostra-black-2013.jpg\" \/>\n\t<meta property=\"og:image:width\" content=\"668\" \/>\n\t<meta property=\"og:image:height\" content=\"1000\" \/>\n\t<meta property=\"og:image:type\" content=\"image\/jpeg\" \/>\n<meta name=\"twitter:card\" content=\"summary_large_image\" \/>\n<meta name=\"twitter:label1\" content=\"Est. reading time\" \/>\n\t<meta name=\"twitter:data1\" content=\"2 minutes\" \/>\n<script type=\"application\/ld+json\" class=\"yoast-schema-graph\">{\"@context\":\"https:\\\/\\\/schema.org\",\"@graph\":[{\"@type\":\"WebPage\",\"@id\":\"https:\\\/\\\/fernandamarques.com.br\\\/en\\\/project\\\/mostra-black-2013\\\/\",\"url\":\"https:\\\/\\\/fernandamarques.com.br\\\/en\\\/project\\\/mostra-black-2013\\\/\",\"name\":\"Mostra Black 2013 - Fernanda Marques\",\"isPartOf\":{\"@id\":\"https:\\\/\\\/fernandamarques.com.br\\\/en\\\/#website\"},\"primaryImageOfPage\":{\"@id\":\"https:\\\/\\\/fernandamarques.com.br\\\/en\\\/project\\\/mostra-black-2013\\\/#primaryimage\"},\"image\":{\"@id\":\"https:\\\/\\\/fernandamarques.com.br\\\/en\\\/project\\\/mostra-black-2013\\\/#primaryimage\"},\"thumbnailUrl\":\"https:\\\/\\\/fernandamarques.com.br\\\/wp-content\\\/uploads\\\/2023\\\/11\\\/capa-mostra-black-2013.jpg\",\"datePublished\":\"2023-11-09T18:56:52+00:00\",\"dateModified\":\"2025-04-22T17:39:04+00:00\",\"breadcrumb\":{\"@id\":\"https:\\\/\\\/fernandamarques.com.br\\\/en\\\/project\\\/mostra-black-2013\\\/#breadcrumb\"},\"inLanguage\":\"en-US\",\"potentialAction\":[{\"@type\":\"ReadAction\",\"target\":[\"https:\\\/\\\/fernandamarques.com.br\\\/en\\\/project\\\/mostra-black-2013\\\/\"]}]},{\"@type\":\"ImageObject\",\"inLanguage\":\"en-US\",\"@id\":\"https:\\\/\\\/fernandamarques.com.br\\\/en\\\/project\\\/mostra-black-2013\\\/#primaryimage\",\"url\":\"https:\\\/\\\/fernandamarques.com.br\\\/wp-content\\\/uploads\\\/2023\\\/11\\\/capa-mostra-black-2013.jpg\",\"contentUrl\":\"https:\\\/\\\/fernandamarques.com.br\\\/wp-content\\\/uploads\\\/2023\\\/11\\\/capa-mostra-black-2013.jpg\",\"width\":668,\"height\":1000},{\"@type\":\"BreadcrumbList\",\"@id\":\"https:\\\/\\\/fernandamarques.com.br\\\/en\\\/project\\\/mostra-black-2013\\\/#breadcrumb\",\"itemListElement\":[{\"@type\":\"ListItem\",\"position\":1,\"name\":\"In\u00edcio\",\"item\":\"https:\\\/\\\/fernandamarques.com.br\\\/en\\\/\"},{\"@type\":\"ListItem\",\"position\":2,\"name\":\"Projetos\",\"item\":\"https:\\\/\\\/fernandamarques.com.br\\\/en\\\/project\\\/\"},{\"@type\":\"ListItem\",\"position\":3,\"name\":\"Mostra Black 2013\"}]},{\"@type\":\"WebSite\",\"@id\":\"https:\\\/\\\/fernandamarques.com.br\\\/en\\\/#website\",\"url\":\"https:\\\/\\\/fernandamarques.com.br\\\/en\\\/\",\"name\":\"Fernanda Marques\",\"description\":\"\",\"potentialAction\":[{\"@type\":\"SearchAction\",\"target\":{\"@type\":\"EntryPoint\",\"urlTemplate\":\"https:\\\/\\\/fernandamarques.com.br\\\/en\\\/?s={search_term_string}\"},\"query-input\":{\"@type\":\"PropertyValueSpecification\",\"valueRequired\":true,\"valueName\":\"search_term_string\"}}],\"inLanguage\":\"en-US\"}]}<\/script>\n<!-- \/ Yoast SEO plugin. -->","yoast_head_json":{"title":"Mostra Black 2013 - Fernanda Marques","robots":{"index":"index","follow":"follow","max-snippet":"max-snippet:-1","max-image-preview":"max-image-preview:large","max-video-preview":"max-video-preview:-1"},"canonical":"https:\/\/fernandamarques.com.br\/en\/project\/mostra-black-2013\/","og_locale":"en_US","og_type":"article","og_title":"Mostra Black 2013 - Fernanda Marques","og_description":"Sofistica\u00e7\u00e3o e minimalismo: o DNA urbano do U-Lounge","og_url":"https:\/\/fernandamarques.com.br\/en\/project\/mostra-black-2013\/","og_site_name":"Fernanda Marques","article_modified_time":"2025-04-22T17:39:04+00:00","og_image":[{"width":668,"height":1000,"url":"https:\/\/fernandamarques.com.br\/wp-content\/uploads\/2023\/11\/capa-mostra-black-2013.jpg","type":"image\/jpeg"}],"twitter_card":"summary_large_image","twitter_misc":{"Est. reading time":"2 minutes"},"schema":{"@context":"https:\/\/schema.org","@graph":[{"@type":"WebPage","@id":"https:\/\/fernandamarques.com.br\/en\/project\/mostra-black-2013\/","url":"https:\/\/fernandamarques.com.br\/en\/project\/mostra-black-2013\/","name":"Mostra Black 2013 - Fernanda Marques","isPartOf":{"@id":"https:\/\/fernandamarques.com.br\/en\/#website"},"primaryImageOfPage":{"@id":"https:\/\/fernandamarques.com.br\/en\/project\/mostra-black-2013\/#primaryimage"},"image":{"@id":"https:\/\/fernandamarques.com.br\/en\/project\/mostra-black-2013\/#primaryimage"},"thumbnailUrl":"https:\/\/fernandamarques.com.br\/wp-content\/uploads\/2023\/11\/capa-mostra-black-2013.jpg","datePublished":"2023-11-09T18:56:52+00:00","dateModified":"2025-04-22T17:39:04+00:00","breadcrumb":{"@id":"https:\/\/fernandamarques.com.br\/en\/project\/mostra-black-2013\/#breadcrumb"},"inLanguage":"en-US","potentialAction":[{"@type":"ReadAction","target":["https:\/\/fernandamarques.com.br\/en\/project\/mostra-black-2013\/"]}]},{"@type":"ImageObject","inLanguage":"en-US","@id":"https:\/\/fernandamarques.com.br\/en\/project\/mostra-black-2013\/#primaryimage","url":"https:\/\/fernandamarques.com.br\/wp-content\/uploads\/2023\/11\/capa-mostra-black-2013.jpg","contentUrl":"https:\/\/fernandamarques.com.br\/wp-content\/uploads\/2023\/11\/capa-mostra-black-2013.jpg","width":668,"height":1000},{"@type":"BreadcrumbList","@id":"https:\/\/fernandamarques.com.br\/en\/project\/mostra-black-2013\/#breadcrumb","itemListElement":[{"@type":"ListItem","position":1,"name":"In\u00edcio","item":"https:\/\/fernandamarques.com.br\/en\/"},{"@type":"ListItem","position":2,"name":"Projetos","item":"https:\/\/fernandamarques.com.br\/en\/project\/"},{"@type":"ListItem","position":3,"name":"Mostra Black 2013"}]},{"@type":"WebSite","@id":"https:\/\/fernandamarques.com.br\/en\/#website","url":"https:\/\/fernandamarques.com.br\/en\/","name":"Fernanda Marques","description":"","potentialAction":[{"@type":"SearchAction","target":{"@type":"EntryPoint","urlTemplate":"https:\/\/fernandamarques.com.br\/en\/?s={search_term_string}"},"query-input":{"@type":"PropertyValueSpecification","valueRequired":true,"valueName":"search_term_string"}}],"inLanguage":"en-US"}]}},"_links":{"self":[{"href":"https:\/\/fernandamarques.com.br\/en\/wp-json\/wp\/v2\/projeto\/2118","targetHints":{"allow":["GET"]}}],"collection":[{"href":"https:\/\/fernandamarques.com.br\/en\/wp-json\/wp\/v2\/projeto"}],"about":[{"href":"https:\/\/fernandamarques.com.br\/en\/wp-json\/wp\/v2\/types\/projeto"}],"wp:featuredmedia":[{"embeddable":true,"href":"https:\/\/fernandamarques.com.br\/en\/wp-json\/wp\/v2\/media\/3160"}],"wp:attachment":[{"href":"https:\/\/fernandamarques.com.br\/en\/wp-json\/wp\/v2\/media?parent=2118"}],"wp:term":[{"taxonomy":"categoria-de-projeto","embeddable":true,"href":"https:\/\/fernandamarques.com.br\/en\/wp-json\/wp\/v2\/categoria-de-projeto?post=2118"}],"curies":[{"name":"wp","href":"https:\/\/api.w.org\/{rel}","templated":true}]}}